{"id":3,"date":"2006-01-27T12:13:14","date_gmt":"2006-01-27T11:13:14","guid":{"rendered":"http:\/\/www.ascorcerizas.com\/central\/060126wp\/wp\/?page_id=3"},"modified":"2007-05-24T20:53:04","modified_gmt":"2007-05-24T19:53:04","slug":"xornadas-e-campamentos-sobre-enerxias-renovables","status":"publish","type":"page","link":"https:\/\/ascorcerizas.com\/central\/060126wp\/wp\/?page_id=3","title":{"rendered":"Xornadas e Campamentos sobre Enerx\u00edas Renovables 2006"},"content":{"rendered":"<p><img decoding=\"async\" alt=\"Xornadas e Campamentos 2006\" src=\"http:\/\/www.ascorcerizas.com\/central\/060126wp\/wp\/wp-content\/images_2006\/xornadas-2006-01.gif\" \/><\/p>\n<p><strong>DESTINATARIOS:<\/strong> Alumno\/as de Centros Escolares, maiores de 9 anos.<\/p>\n<p><strong>DATAS:<\/strong> Durante os meses de xaneiro a xu\u00f1o.<br \/>\nOs Centros Escolares far\u00e1n unha proposta de datas, que ser\u00e1n valoradas e concretadas polo persoal de Amigos da Terra<\/p>\n<p><strong>CONDICI\u00d3NS XERAIS:<\/strong><\/p>\n<ul>\n<li><strong><u>XORNADAS DUN D\u00cdA<\/u><\/strong><\/li>\n<\/ul>\n<p><u>Programaci\u00f3n:<\/u><br \/>\nA xornada consta dunha visita pr\u00e1ctica e vivencial polas instalaci\u00f3ns para achegar aos participantes aos problemas derivados do cambio clim\u00e1tico e co\u00f1ecer a realidade das enerx\u00edas renovables, valor\u00e1ndoas coma unha opci\u00f3n eficaz e sostible para a nosa sociedade actual.<br \/>\nDescubrir\u00e1n tam\u00e9n as potencialidades, vantaxes e beneficios das novas t\u00e9cnicas e materiais de bioconstruci\u00f3n, que nos permiten vivir dun xeito m\u00e1is sostible, sen renunciar aos niveis de benestar alcanzados ata agora.<br \/>\nAmbas actividades levan asociadas unha serie de obradoiros que se postulan como a f\u00f3rmula ideal para aprender xogando novas habilidades e co\u00f1ecementos.<\/p>\n<p><u>Horario:<\/u><br \/>\nChegada a As Corcerizas: 11:30<br \/>\nSa\u00edda de As Corcerizas: 17:00<\/p>\n<p>Coa finalidade de favorecer a combinaci\u00f3n co transporte escolar, Amigos da Terra adaptarase, na medida do posible, aos horarios de chegada e sa\u00edda que propo\u00f1an os Centros Escolares.<\/p>\n<p><u>N\u00ba de participantes:<\/u><br \/>\nM\u00ednimo: 20<br \/>\nM\u00e1ximo:40<\/p>\n<p><u>Custe:<\/u><br \/>\nActividade gratu\u00edta, subvencionada pola obra Social Caja Madrid.<br \/>\nO desprazamento ata as instalaci\u00f3ns e o xantar correr\u00e1 por conta dos participantes.<\/p>\n<ul>\n<li><strong><u>CAMPAMENTOS DE 4 D\u00cdAS<\/u><\/strong><\/li>\n<\/ul>\n<p><u>Programaci\u00f3n:<\/u><br \/>\nRoteiros interpretativos pola Serra, obradoiros ambientais e de bioconstruci\u00f3n, experimentos e comprobaci\u00f3ns \u201cin situ\u201d do funcionamento das enerx\u00edas renovables&#8230; e, como non, xogos, din\u00e1micas e veladas nocturnas, far\u00e1n deste campamento unha singular e inesquecible experiencia.<br \/>\nA informaci\u00f3n transmitida nun entorno excepcional, xunto coa experiencia vivencial, ser\u00e1n a clave para sensibilizar e formar \u00e1s xeraci\u00f3ns futuras, mostr\u00e1ndolles alternativas que nos permitan vivir dun xeito m\u00e1is sostible sen renunciar aos niveis de benestar acadados ata agora.<\/p>\n<p><u>Horario:<\/u><br \/>\nChegada a As Corcerizas: 1\u00ba d\u00eda pola ma\u00f1\u00e1<br \/>\nSa\u00edda de As Corcerizas:\t4\u00ba d\u00eda pola tarde<br \/>\nOs horarios detallados concretaranse co persoal de Amigos da Terra<\/p>\n<p><u>N\u00ba de participantes:<\/u><br \/>\nM\u00ednimo: 20<br \/>\nM\u00e1ximo: 36<\/p>\n<p><u>Custe:<\/u><br \/>\nA actividade sobre enerx\u00edas est\u00e1 subvencionada pola Obra Social Caja Madrid, polo que o custe total do campamentos \u00e9: 90 \u20ac por participante*<br \/>\nO desprazamento ata as instalaci\u00f3ns correr\u00e1 por conta dos participantes.<\/p>\n<p><u>O prezo incl\u00fae:<\/u><br \/>\n&#8211; Manutenci\u00f3n (almorzo, xantar, merenda e cea).<br \/>\n&#8211; Aloxamento.<br \/>\n&#8211; Auga quente sanitaria.<br \/>\n&#8211; Persoal t\u00e9cnico. Monitores. Ratio: 1 monitor\/10 participantes.<br \/>\n&#8211; Gastos de programaci\u00f3n e xesti\u00f3n.<br \/>\n&#8211; Material para a realizaci\u00f3n das actividades.<br \/>\n&#8211; Uso e desfrute das instalaci\u00f3ns.<br \/>\n&#8211; Seguro de Responsabilidade Civil.<\/p>\n<p><u>NOTA:<\/u> Os participantes ter\u00e1n que traer saco de durmir, toalla e chanclas.<br \/>\n* O prezo non incl\u00fae i.v.e.<\/p>\n<p><strong>UBICACI\u00d3N DAS INSTALACI\u00d3NS:<\/strong> Macizo Central Ourens\u00e1. Serra de San Mamede, Concello de Vilar de Barrio, Ourense. Para m\u00e1is informaci\u00f3n consultar a secci\u00f3n <a href=\"http:\/\/www.amigosdaterra.net\/info\/ascorcerizas\/cz-03.html\">localizaci\u00f3n<\/a>.<\/p>\n<p><strong>INSCRICI\u00d3N:<\/strong><br \/>\nSe o voso Centro est\u00e1 interesado en participar nas \u201cXornadas ou Campamentos sobre Enerx\u00edas Renovables\u201d, cubride o correspondente cuestionario de inscrici\u00f3n e remit\u00eddeo a Amigos da Terra coa maior brevidade posible.<br \/>\nPrazas limitadas. Admisi\u00f3n por orde de inscrici\u00f3n.<\/p>\n<p>Os Centros participantes recibir\u00e1n gratuitamente unha unidade did\u00e1ctica e un caderno sobre enerx\u00edas renovables.<\/p>\n<ul>\n<li><a target=\"_blank\" href=\"http:\/\/www.ascorcerizas.com\/central\/060126wp\/wp\/wp-content\/info\/inscricion_XORNADAS_enerxias_renovables_2006.doc\">cuestionario de inscrici\u00f3n XORNADAS Enerx\u00edas Renovables<\/a><\/li>\n<li><a target=\"_blank\" href=\"http:\/\/www.ascorcerizas.com\/central\/060126wp\/wp\/wp-content\/info\/inscricion_CAMPAMENTOS_enerxias_renovables_2006.doc\">cuestionario de inscrici\u00f3n CAMPAMENTOS Enerx\u00edas Renovables<\/a><\/li>\n<\/ul>\n<p><strong>ORGANIZA:<\/strong><br \/>\nAmigos da Terra<br \/>\nr\/ Curros Enr\u00edquez 19, 1\u00ba interior<br \/>\n32.003 &#8211; Ourense<br \/>\nTelf: 988 374 318<br \/>\nFax 988 511 020<br \/>\ninfo@ascorcerizas.com<\/p>\n<p><strong>COLABORA:<\/strong><br \/>\nObra Social de Caja Madrid<\/p>\n","protected":false},"excerpt":{"rendered":"<p>DESTINATARIOS: Alumno\/as de Centros Escolares, maiores de 9 anos. DATAS: Durante os meses de xaneiro a xu\u00f1o. Os Centros Escolares far\u00e1n unha proposta de datas, que ser\u00e1n valoradas e concretadas polo persoal de Amigos da Terra CONDICI\u00d3NS XERAIS: XORNADAS DUN D\u00cdA Programaci\u00f3n: A xornada consta dunha visita pr\u00e1ctica e vivencial polas instalaci\u00f3ns para achegar aos [&hellip;]<\/p>\n","protected":false},"author":1,"featured_media":0,"parent":216,"menu_order":0,"comment_status":"closed","ping_status":"closed","template":"","meta":{"jetpack_post_was_ever_published":false,"footnotes":""},"class_list":["post-3","page","type-page","status-publish","hentry"],"jetpack_sharing_enabled":true,"jetpack_shortlink":"https:\/\/wp.me\/P7kmhj-3","_links":{"self":[{"href":"https:\/\/ascorcerizas.com\/central\/060126wp\/wp\/index.php?rest_route=\/wp\/v2\/pages\/3","targetHints":{"allow":["GET"]}}],"collection":[{"href":"https:\/\/ascorcerizas.com\/central\/060126wp\/wp\/index.php?rest_route=\/wp\/v2\/pages"}],"about":[{"href":"https:\/\/ascorcerizas.com\/central\/060126wp\/wp\/index.php?rest_route=\/wp\/v2\/types\/page"}],"author":[{"embeddable":true,"href":"https:\/\/ascorcerizas.com\/central\/060126wp\/wp\/index.php?rest_route=\/wp\/v2\/users\/1"}],"replies":[{"embeddable":true,"href":"https:\/\/ascorcerizas.com\/central\/060126wp\/wp\/index.php?rest_route=%2Fwp%2Fv2%2Fcomments&post=3"}],"version-history":[{"count":0,"href":"https:\/\/ascorcerizas.com\/central\/060126wp\/wp\/index.php?rest_route=\/wp\/v2\/pages\/3\/revisions"}],"up":[{"embeddable":true,"href":"https:\/\/ascorcerizas.com\/central\/060126wp\/wp\/index.php?rest_route=\/wp\/v2\/pages\/216"}],"wp:attachment":[{"href":"https:\/\/ascorcerizas.com\/central\/060126wp\/wp\/index.php?rest_route=%2Fwp%2Fv2%2Fmedia&parent=3"}],"curies":[{"name":"wp","href":"https:\/\/api.w.org\/{rel}","templated":true}]}}