{"id":280,"date":"2007-11-15T17:04:07","date_gmt":"2007-11-15T16:04:07","guid":{"rendered":"http:\/\/www.ascorcerizas.com\/central\/060126wp\/wp\/?page_id=280"},"modified":"2008-01-02T20:05:59","modified_gmt":"2008-01-02T19:05:59","slug":"i-xornadas-de-iniciacion-a-micoloxia-e-boas-practicas","status":"publish","type":"page","link":"https:\/\/ascorcerizas.com\/central\/060126wp\/wp\/?page_id=280","title":{"rendered":"I Xornadas de Iniciaci\u00f3n \u00e1 Micolox\u00eda e Boas Pr\u00e1cticas no Monte"},"content":{"rendered":"<p><strong>Amigos da Terra<\/strong> inaugura neste outono as <strong>I Xornadas de Iniciaci\u00f3n \u00e1 Micolox\u00eda e Boas Pr\u00e1cticas no Monte<\/strong>, que se celebrar\u00e1n os d\u00edas <strong>24 e 25 de Novembro<\/strong>, na  Serra de San Mamede, Macizo Central Ourens\u00e1n.<\/p>\n<p>Durante estas xornadas, subvencionadas polo <a href=\"http:\/\/www.ourense.es\/portalOurense\/home.jsp\" target=\"_blank\"><strong>Departamento de Medio Ambiente do Concello de Ourense<\/strong><\/a>, contaremos coa colaboraci\u00f3n de <strong>Juan Jos\u00e9 Mart\u00ednez \u00c1lvarez<\/strong>, especialista na materia e presidente da Asociaci\u00f3n <a href=\"http:\/\/www.cogordos.com\" target=\"_blank\" title=\"Os Cogordos\"><u>Os Cogordos<\/u><\/a>.<\/p>\n<p><img decoding=\"async\" src=\"http:\/\/www.ascorcerizas.com\/central\/060126wp\/wp\/wp-content\/uploads\/2007\/11\/micoloxia_As_Corcerizas.jpg\" id=\"image281\" alt=\"Micoloxia en As Corcerizas\" align=\"left\" hspace=\"10\" vspace=\"10\" \/>Grazas \u00e1 s\u00faa axuda poderemos reco\u00f1ecer os distintos fungos presentes neste ecosistema de monta\u00f1a galega, dende os m\u00e1is atractivos para a nosa gastronom\u00eda, ata os mais t\u00f3xicos ou velenosos. Tam\u00e9n se tratar\u00e1 a extracci\u00f3n dos fungos, c\u00f3mo e c\u00e1ndo se debe facer, e qu\u00e9 ferramentas debemos utilizar, xa que esta pr\u00e1ctica \u00e9 moi importante para a conservaci\u00f3n dos seus h\u00e1bitats.<\/p>\n<p><font size=\"3\"><strong>Programa:<\/strong><\/font><br \/>\n<strong>Contidos das xornadas:<\/strong><\/p>\n<ul type=\"disc\">\n<li>Informaci\u00f3n sobre fungos e      boas pr\u00e1cticas no monte.<\/li>\n<li>Recollida e reco\u00f1ecemento por x\u00e9nero, especie      e h\u00e1bitat, <em>in situ.<\/em><\/li>\n<li>Realizaci\u00f3n dunha ficha      t\u00e9cnica.<\/li>\n<li>Exposici\u00f3n.<\/li>\n<li>Obradoiro de coci\u00f1a.<\/li>\n<\/ul>\n<p><strong>Materiais a levar:<\/strong><\/p>\n<ul type=\"disc\">\n<li>Gu\u00eda de campo.<\/li>\n<li>Navalla<\/li>\n<li>Cesti\u00f1a ou caixa para levar os cogomelos.<\/li>\n<li>Roupa de campo, e calzado      c\u00f3modo.<\/li>\n<li>Saco de durmir<\/li>\n<\/ul>\n<p><strong>Lugar e Horarios:<\/strong><\/p>\n<ul type=\"disc\">\n<li>Centro de Educaci\u00f3n Ambiental &#8211; Albergue As Corcerizas. Serra de San Mamede &#8211; Arnuide. Vilar de Barrio (Ourense)<\/li>\n<li>24 e 25 de Novembro de      2007.<\/li>\n<li>S\u00e1bado de 11:00 a 14:30 e      de 16:30 a 20:00.<\/li>\n<li>Domingo de 10:00 a 16:30<\/li>\n<\/ul>\n<p><strong>Inscrici\u00f3ns:<\/strong><\/p>\n<ul type=\"disc\">\n<li>N\u00ba de prazas: 20<\/li>\n<li>Incl\u00fae: matr\u00edcula, aloxamento e manutenci\u00f3n.<\/li>\n<li>Prezo: 35 \u20ac, (25 \u20ac para socios\/as de Amigos      da Terra)<\/li>\n<li>Ingreso na conta: Caixa Galicia 2091\/0450\/41\/3040043331.\n<ul>\n<li>Concepto do ingreso: &#8220;Xornadas de Micolox\u00eda&#8221;<\/li>\n<\/ul>\n<\/li>\n<\/ul>\n<p><strong>[<\/strong><a href=\"http:\/\/www.ascorcerizas.com\/central\/060126wp\/wp\/wp-content\/uploads\/2007\/11\/ficha_inscricion_micoloxia_2007.doc\" title=\"Ficha de Inscrici\u00f3n\" target=\"_blank\"><strong>Ficha de inscrici\u00f3n.<\/strong> Formato Word<\/a><strong>]<\/strong><\/p>\n<p><strong>Mais informaci\u00f3n:<\/strong><br \/>\n988 374 318<br \/>\n<a href=\"mailto:info@ascorcerizas.com\">info@ascorcerizas.com<\/a><\/p>\n<p><strong>Persoa de contacto: Rebeca <\/strong><\/p>\n","protected":false},"excerpt":{"rendered":"<p>Amigos da Terra inaugura neste outono as I Xornadas de Iniciaci\u00f3n \u00e1 Micolox\u00eda e Boas Pr\u00e1cticas no Monte, que se celebrar\u00e1n os d\u00edas 24 e 25 de Novembro, na Serra de San Mamede, Macizo Central Ourens\u00e1n. Durante estas xornadas, subvencionadas polo Departamento de Medio Ambiente do Concello de Ourense, contaremos coa colaboraci\u00f3n de Juan Jos\u00e9 [&hellip;]<\/p>\n","protected":false},"author":1,"featured_media":0,"parent":236,"menu_order":0,"comment_status":"open","ping_status":"open","template":"","meta":{"jetpack_post_was_ever_published":false,"footnotes":""},"class_list":["post-280","page","type-page","status-publish","hentry"],"jetpack_sharing_enabled":true,"jetpack_shortlink":"https:\/\/wp.me\/P7kmhj-4w","_links":{"self":[{"href":"https:\/\/ascorcerizas.com\/central\/060126wp\/wp\/index.php?rest_route=\/wp\/v2\/pages\/280","targetHints":{"allow":["GET"]}}],"collection":[{"href":"https:\/\/ascorcerizas.com\/central\/060126wp\/wp\/index.php?rest_route=\/wp\/v2\/pages"}],"about":[{"href":"https:\/\/ascorcerizas.com\/central\/060126wp\/wp\/index.php?rest_route=\/wp\/v2\/types\/page"}],"author":[{"embeddable":true,"href":"https:\/\/ascorcerizas.com\/central\/060126wp\/wp\/index.php?rest_route=\/wp\/v2\/users\/1"}],"replies":[{"embeddable":true,"href":"https:\/\/ascorcerizas.com\/central\/060126wp\/wp\/index.php?rest_route=%2Fwp%2Fv2%2Fcomments&post=280"}],"version-history":[{"count":0,"href":"https:\/\/ascorcerizas.com\/central\/060126wp\/wp\/index.php?rest_route=\/wp\/v2\/pages\/280\/revisions"}],"up":[{"embeddable":true,"href":"https:\/\/ascorcerizas.com\/central\/060126wp\/wp\/index.php?rest_route=\/wp\/v2\/pages\/236"}],"wp:attachment":[{"href":"https:\/\/ascorcerizas.com\/central\/060126wp\/wp\/index.php?rest_route=%2Fwp%2Fv2%2Fmedia&parent=280"}],"curies":[{"name":"wp","href":"https:\/\/api.w.org\/{rel}","templated":true}]}}