{"id":8,"date":"2015-01-09T10:55:30","date_gmt":"2015-01-09T10:55:30","guid":{"rendered":"http:\/\/ascorcerizas.com\/central\/141118wp\/?page_id=8"},"modified":"2015-05-26T23:44:18","modified_gmt":"2015-05-26T23:44:18","slug":"instalacions-e-criterios","status":"publish","type":"page","link":"http:\/\/ascorcerizas.com\/central\/141118wp\/destacado\/instalacions-e-criterios\/","title":{"rendered":"Instalaci\u00f3ns e Criterios"},"content":{"rendered":"<h2>Recurso Educativo Exemplar<\/h2>\n<p>O Centro dese\u00f1ouse seguindo a filosof\u00eda de <strong>Amigos da Terra<\/strong>, e cun importante matiz diferencial entre o resto dos equipamentos de educaci\u00f3n ambiental galegos, pois apostamos porque o propio equipamento constitu\u00edra en si mesmo un recurso educativo exemplar, incorporando na s\u00faa construci\u00f3n aqueles principios que servir\u00edan de base ao seu proxecto educativo, e que a s\u00faa vez son coherentes cos principios dunha asociaci\u00f3n ecoloxista cun fondo compo\u00f1ente de compromiso social.<\/p>\n<p><img loading=\"lazy\" decoding=\"async\" class=\"aligncenter wp-image-271 size-full\" title=\"Instalaci\u00f3ns e Criterios de As Corcerizas\" src=\"http:\/\/ascorcerizas.com\/central\/141118wp\/wp-content\/uploads\/2015\/01\/sub_01_instalacions_criterios1.jpg\" alt=\"Instalaci\u00f3ns e Criterios de As Corcerizas\" width=\"870\" height=\"580\" srcset=\"http:\/\/ascorcerizas.com\/central\/141118wp\/wp-content\/uploads\/2015\/01\/sub_01_instalacions_criterios1.jpg 870w, http:\/\/ascorcerizas.com\/central\/141118wp\/wp-content\/uploads\/2015\/01\/sub_01_instalacions_criterios1-300x200.jpg 300w\" sizes=\"auto, (max-width: 870px) 100vw, 870px\" \/><\/p>\n<p><strong>As Corcerizas<\/strong>\u00a0pres\u00e9ntase a d\u00eda de hoxe como un centro de educaci\u00f3n ambiental e albergue pioneiros, e con poucos referentes equiparables no Estado por estar concibida seguindo esta perspectiva de sostibilidade dende a s\u00faa planificaci\u00f3n, construci\u00f3n, xesti\u00f3n e uso:<\/p>\n<h2>Edificios eficientes no uso da enerx\u00eda: Bioconstruci\u00f3n<\/h2>\n<p>As instalaci\u00f3ns constan de <strong>Aula<\/strong>, <strong>Comedor<\/strong> e <strong>Albergue<\/strong> con capacidade para 45 persoas.<\/p>\n<p>No seu dese\u00f1o, construci\u00f3n e melloras realizadas, aplic\u00e1ronse t\u00e9cnicas e criterios de Bioconstruci\u00f3n, que incorporan sistemas produtivos eficientes e aforradores de enerx\u00eda; materiais saudables e respetuosos co medio en todos os momentos do seu ciclo de vida (produci\u00f3n, utilizaci\u00f3n, eliminaci\u00f3n), elaborados no territorio pr\u00f3ximo e respetando os usos tradicionais.<br \/>\n<span style=\"background-color: #fff;\"><a onclick=\"read_toggle(1245433934, 'Ler m\u00e1is \u00bb', ''); return false;\" class=\"read-link\" id=\"readlink1245433934\" style=\"\" href=\"#\">Ler m\u00e1is \u00bb<\/a><\/span>\n<div class=\"read_div\" id=\"read1245433934\" style=\"display: none;\"><br \/>\n<a href=\"http:\/\/ascorcerizas.com\/central\/141118wp\/wp-content\/uploads\/2015\/01\/2014_02_01_02.jpg\"><img loading=\"lazy\" decoding=\"async\" class=\"alignright wp-image-405 size-medium\" src=\"http:\/\/ascorcerizas.com\/central\/141118wp\/wp-content\/uploads\/2015\/01\/2014_02_01_02-300x225.jpg\" alt=\"Comedor e Aula en As Corcerizas\" width=\"300\" height=\"225\" srcset=\"http:\/\/ascorcerizas.com\/central\/141118wp\/wp-content\/uploads\/2015\/01\/2014_02_01_02-300x225.jpg 300w, http:\/\/ascorcerizas.com\/central\/141118wp\/wp-content\/uploads\/2015\/01\/2014_02_01_02.jpg 800w\" sizes=\"auto, (max-width: 300px) 100vw, 300px\" \/><\/a>Principais aspectos que aplicamos en <strong>As Corcerizas<\/strong>:<\/p>\n<ul>\n<li>Prospecci\u00f3n da xeobiolox\u00eda do terreo, analizando posibles cursos de augas, fallas, radioactividade, etc., procurando o lugar \u00f3ptimo para cada edificaci\u00f3n segundo o seu uso.<\/li>\n<li>Elecci\u00f3n do lugar de construci\u00f3n tendo en conta factores bioclim\u00e1ticos, integrando as edificaci\u00f3ns na contorna e minimizando o impacto paisax\u00edstico.<\/li>\n<li>Orientaci\u00f3n axeitada para maior aproveitamento da enerx\u00eda solar de forma pasiva, e consecuente distribuci\u00f3n dos espazos interiores segundo o seu emprego.<\/li>\n<li>Emprego de materiais de produci\u00f3n local, saudables e biocompatibles: aceites naturais para protexer a madeira e pinturas ecol\u00f3xicas; illantes naturais como a cortiza de sobreira; emprego de morteiros de cemento branco, cal e barro.<\/li>\n<li>Madeiras procedentes de talas sostibles.<\/li>\n<li>Uso de teitos verdes no comedor e aula: cubertas vexetais como regulador t\u00e9rmico.<\/li>\n<\/ul>\n<p><\/div><\/p>\n<h2>Enerx\u00edas Renovables: Sistema descentralizado e con supervisi\u00f3n remota<\/h2>\n<p>O sistema enerx\u00e9tico de <strong>As Corcerizas<\/strong> \u00e9 totalmente independente da rede el\u00e9ctrica convencional, conformando o que se co\u00f1ece como \u201cilla enerx\u00e9tica\u201d. Toda a produci\u00f3n el\u00e9ctrica prov\u00e9n exclusivamente de enerx\u00edas renovables, demostrando a viabilidade e beneficios da diversificaci\u00f3n das fontes de produci\u00f3n local.<br \/>\n<span style=\"background-color: #fff;\"><a onclick=\"read_toggle(1187095945, 'Ler m\u00e1is \u00bb', ''); return false;\" class=\"read-link\" id=\"readlink1187095945\" style=\"\" href=\"#\">Ler m\u00e1is \u00bb<\/a><\/span>\n<div class=\"read_div\" id=\"read1187095945\" style=\"display: none;\"><br \/>\n<a href=\"http:\/\/ascorcerizas.com\/central\/141118wp\/wp-content\/uploads\/2015\/02\/2014_02_04_04.jpg\"><img loading=\"lazy\" decoding=\"async\" class=\"alignright wp-image-413 size-medium\" src=\"http:\/\/ascorcerizas.com\/central\/141118wp\/wp-content\/uploads\/2015\/02\/2014_02_04_04-300x225.jpg\" alt=\"Microturbina hidr\u00e1ulica en As Corcerizas\" width=\"300\" height=\"225\" srcset=\"http:\/\/ascorcerizas.com\/central\/141118wp\/wp-content\/uploads\/2015\/02\/2014_02_04_04-300x225.jpg 300w, http:\/\/ascorcerizas.com\/central\/141118wp\/wp-content\/uploads\/2015\/02\/2014_02_04_04.jpg 800w\" sizes=\"auto, (max-width: 300px) 100vw, 300px\" \/><\/a><\/p>\n<ul>\n<li><strong>Solar:<\/strong> m\u00f3dulos fotovoltaicos que proporcionan 6 Kw de electricidade.<\/li>\n<li><strong>Hidr\u00e1ulica:<\/strong> microturbina combinada cun pequeno encoro preexistente, que produce de media 6 Kw de enerx\u00eda el\u00e9ctrica.<\/li>\n<li><strong>E\u00f3lica:<\/strong> aeroxenerador que aporta una potencia pico de 5Kw.<\/li>\n<\/ul>\n<p><span style=\"line-height: 1.5;\">O feito de non existir conexi\u00f3n \u00e1 rede el\u00e9ctrica convencional fai preciso un sistema propio de acumulaci\u00f3n (bater\u00edas estacionarias), permitindo o almacenamento nos per\u00edodos de maior produci\u00f3n e po\u00f1endo \u00e1 nosa disposici\u00f3n a enerx\u00eda nos momentos con menos aportes.<\/span><\/p>\n<p>O sistema conta cunha monitorizaci\u00f3n a trav\u00e9s dun <strong>sistema de supervisi\u00f3n remota<\/strong> que nos permite:<\/p>\n<ul>\n<li>Conseguir o \u00f3ptimo funcionamento do sistema.<\/li>\n<li>Profundizar no co\u00f1ecemento da tecnolox\u00eda sobre todo minie\u00f3lica, as\u00ed como dispo\u00f1er de datos directos sobre os recursos e\u00f3lico e solar.<\/li>\n<li>Visualizar facilmente a produci\u00f3n das fontes renovables e continuar demostrando a s\u00faa viabilidade.<\/li>\n<\/ul>\n<p>O sistema de produci\u00f3n de calor tam\u00e9n emprega fontes renovables:<a href=\"http:\/\/ascorcerizas.com\/central\/141118wp\/wp-content\/uploads\/2015\/02\/2014_02_04_03.jpg\"><img loading=\"lazy\" decoding=\"async\" class=\"alignright size-medium wp-image-411\" src=\"http:\/\/ascorcerizas.com\/central\/141118wp\/wp-content\/uploads\/2015\/02\/2014_02_04_03-300x225.jpg\" alt=\"Placas fotovoltaicas en As Corcerizas\" width=\"300\" height=\"225\" srcset=\"http:\/\/ascorcerizas.com\/central\/141118wp\/wp-content\/uploads\/2015\/02\/2014_02_04_03-300x225.jpg 300w, http:\/\/ascorcerizas.com\/central\/141118wp\/wp-content\/uploads\/2015\/02\/2014_02_04_03.jpg 800w\" sizes=\"auto, (max-width: 300px) 100vw, 300px\" \/><\/a><\/p>\n<ul>\n<li><strong>Enerx\u00eda solar t\u00e9rmica:<\/strong> para auga quente sanitaria e apoio ao sistema de calefacci\u00f3n.<\/li>\n<li><strong>Enerx\u00eda e\u00f3lica:<\/strong> en momentos de m\u00e1xima produci\u00f3n, cando as bater\u00edas non poden almacenar m\u00e1is, act\u00edvase a caldeira el\u00e9ctrica.<\/li>\n<li><strong>Biomasa:<\/strong> caldeiras que abastecen ao albergue, comedor e aula de auga quente para uso sanitario e para calefacci\u00f3n.<\/li>\n<\/ul>\n<p>Estas fontes abastecen o sistema de calefacci\u00f3n das instalaci\u00f3ns: <strong>muros radiantes de barro cru<\/strong>, un material saudable, eficiente e sostible. Ao quecer estruturas con alta inercia t\u00e9rmica optim\u00edzase o sistema, que ademais permite unha captaci\u00f3n corporal de temperatura superior que nos solos radiantes, funciona a baixa temperatura (35-40\u00baC), e est\u00e1 considerado como moi saudable pola s\u00faa transpirabilidade.<br \/>\n<\/div><\/p>\n<h2>Minimizaci\u00f3n dos Residuos<\/h2>\n<p>Pretendemos <strong>reducir<\/strong> ao m\u00e1ximo posible a produci\u00f3n de residuos en todo o ciclo de vida dos produtos, mediante compras a granel e co m\u00ednimo embalaxe posible, de baixo impacto, priorizando o<strong> reutilizable<\/strong> e rexeitando alg\u00fans produtos tendo en conta a s\u00faa pegada ecol\u00f3xica.<\/p>\n<p>Aplicamos o principio de <strong>reciclaxe<\/strong> coa <strong>compostaxe<\/strong> dos restos org\u00e1nicos; e a <strong>depuraci\u00f3n biol\u00f3xica<\/strong> das augas residuais mediante a utilizaci\u00f3n dun sistema de <strong>plantas acu\u00e1ticas en flotaci\u00f3n<\/strong>.<br \/>\n<span style=\"background-color: #fff;\"><a onclick=\"read_toggle(785889017, 'Ler m\u00e1is \u00bb', ''); return false;\" class=\"read-link\" id=\"readlink785889017\" style=\"\" href=\"#\">Ler m\u00e1is \u00bb<\/a><\/span>\n<div class=\"read_div\" id=\"read785889017\" style=\"display: none;\"><a href=\"http:\/\/ascorcerizas.com\/central\/141118wp\/wp-content\/uploads\/2015\/02\/2014_02_03_01.jpg\"><img loading=\"lazy\" decoding=\"async\" class=\"alignright wp-image-416 size-medium\" src=\"http:\/\/ascorcerizas.com\/central\/141118wp\/wp-content\/uploads\/2015\/02\/2014_02_03_01-300x225.jpg\" alt=\"Compostaxe en As Corcerizas\" width=\"300\" height=\"225\" srcset=\"http:\/\/ascorcerizas.com\/central\/141118wp\/wp-content\/uploads\/2015\/02\/2014_02_03_01-300x225.jpg 300w, http:\/\/ascorcerizas.com\/central\/141118wp\/wp-content\/uploads\/2015\/02\/2014_02_03_01.jpg 800w\" sizes=\"auto, (max-width: 300px) 100vw, 300px\" \/><\/a><\/p>\n<p>&nbsp;<\/p>\n<ul>\n<li><strong>Compostaxe<\/strong><\/li>\n<\/ul>\n<p>A materia org\u00e1nica producida na coci\u00f1a\u00a0sep\u00e1rase en orixe e con ela facemos directamente compost.<\/p>\n<p>O compost \u00e9 abono org\u00e1nico obtido a partir da descomposici\u00f3n controlada da materia org\u00e1nica polos organismos descompo\u00f1edores (bacterias, fungos) e por pequenos animais como as mi\u00f1ocas e escaravellos.<\/p>\n<p>A fracci\u00f3n compostable dos residuos \u00e9, con frecuencia, unha das m\u00e1is contaminantes do fluxo de residuos urbanos, e a s\u00faa desviaci\u00f3n dos vertedoiros e incineradoras pode contribu\u00edr significativamente a acadar os obxectivos locais de reciclaxe.<\/p>\n<p>&nbsp;<\/p>\n<ul>\n<li><strong>Depuraci\u00f3n das augas cun filtro de plantas acu\u00e1ticas<\/strong><\/li>\n<\/ul>\n<p><a href=\"http:\/\/ascorcerizas.com\/central\/141118wp\/wp-content\/uploads\/2015\/02\/2014_02_03_03.jpg\"><img loading=\"lazy\" decoding=\"async\" class=\" wp-image-418 size-medium alignright\" src=\"http:\/\/ascorcerizas.com\/central\/141118wp\/wp-content\/uploads\/2015\/02\/2014_02_03_03-300x225.jpg\" alt=\"Macr\u00f3fitas en As Corcerizas\" width=\"300\" height=\"225\" srcset=\"http:\/\/ascorcerizas.com\/central\/141118wp\/wp-content\/uploads\/2015\/02\/2014_02_03_03-300x225.jpg 300w, http:\/\/ascorcerizas.com\/central\/141118wp\/wp-content\/uploads\/2015\/02\/2014_02_03_03.jpg 800w\" sizes=\"auto, (max-width: 300px) 100vw, 300px\" \/><\/a>Este sistema basease na utilizaci\u00f3n de plantas acu\u00e1ticas da familia das macrofitas (espadanas, xuncos, lirios amarelos ou platanarias), que de forma natural at\u00f3panse enraizadas no terreo, pero que aqu\u00ed se transforman artificialmente en flotantes.<\/p>\n<p>Ao flotar, as plantas forman un tapiz de ra\u00edces que ocupa toda a balsa, forzando a que toda a auga circule por esta esponxa de ra\u00edces.<\/p>\n<p>Grazas ao os\u00edxeno que inxectan as follas das propias plantas, as ra\u00edces crean ao seu redor un ambiente osixenado que favorece a uni\u00f3n de bacterias microbianas. Estas son as que absorben e se nutren das cargas contaminantes e da materia org\u00e1nica, devolvendo a auga limpa ao medio.<br \/>\n<\/div><\/p>\n<h2>Alimentaci\u00f3n Sostible<\/h2>\n<p>En <strong>As Corcerizas<\/strong> preparamos as comidas, na medida do posible, con alimentos procedentes da <strong>agricultura ecol\u00f3xica e local<\/strong>, demostrando a viabilidade do seu consumo e apoiando o desenvolvemento das pequenas explotaci\u00f3ns da zona. Para aqueles produtos que non son cultivables de xeito local, recurrimos aos canais de <strong>comercio xusto<\/strong>, como no caso do caf\u00e9, cacao ou panela.<br \/>\n<span style=\"background-color: #fff;\"><a onclick=\"read_toggle(610188820, 'Ler m\u00e1is \u00bb', ''); return false;\" class=\"read-link\" id=\"readlink610188820\" style=\"\" href=\"#\">Ler m\u00e1is \u00bb<\/a><\/span>\n<div class=\"read_div\" id=\"read610188820\" style=\"display: none;\"><br \/>\n<a href=\"http:\/\/ascorcerizas.com\/central\/141118wp\/wp-content\/uploads\/2015\/02\/2014_02_05_01.jpg\"><img loading=\"lazy\" decoding=\"async\" class=\" wp-image-427 size-medium alignright\" src=\"http:\/\/ascorcerizas.com\/central\/141118wp\/wp-content\/uploads\/2015\/02\/2014_02_05_01-300x225.jpg\" alt=\"Alimentaci\u00f3n Sostible en As Corcerizas\" width=\"300\" height=\"225\" srcset=\"http:\/\/ascorcerizas.com\/central\/141118wp\/wp-content\/uploads\/2015\/02\/2014_02_05_01-300x225.jpg 300w, http:\/\/ascorcerizas.com\/central\/141118wp\/wp-content\/uploads\/2015\/02\/2014_02_05_01.jpg 800w\" sizes=\"auto, (max-width: 300px) 100vw, 300px\" \/><\/a>Os men\u00fas son elaborados con baixo contido en carnes e peixes, tendo en conta o impacto ecosocial que sup\u00f3n o seu excesivo consumo actual. Cont\u00e9mplanse as diferentes opci\u00f3ns como a vexetariana e a vegana, as\u00ed como a adaptaci\u00f3n dos men\u00fas as distintas intolerancias como ao glute ou l\u00e1cteos.<\/p>\n<p>O car\u00e1cter educativo que sup\u00f3n a propia comida servida no comedor e os men\u00fas elaborados polo persoal, incitan \u00e1 reflexi\u00f3n sobre a pegada ecol\u00f3xica da nosa alimentaci\u00f3n diaria.<\/p>\n<p>Os alimentos ve\u00f1en cada vez de m\u00e1is lonxe, como os \u201cpementos de Padr\u00f3n\u201d de Marrocos ou os kiwis de Nova Zelanda. En Galicia as terras de cultivo se abandonan, mentres noutros lugares do Sur selvas e pobos son arrasados para producir alimentos baratos que viaxar\u00e1n miles de quil\u00f3metros ata chegar \u00e1s nosas mesas.<\/p>\n<p>Unha alimentaci\u00f3n sostible, ademais de ser saudable, debe respectar o medio no que todas e todos convivimos. Pensamos que a experiencia vivida \u00e9 a mellor ferramenta para sensibilizar e concienciar da necesidade de cambiar os nosos h\u00e1bitos alimenticios para o ben da nosa sa\u00fade, o medio ambiente e a prosperidade do rural galego.<br \/>\n<\/div><\/p>\n","protected":false},"excerpt":{"rendered":"<p>Recurso Educativo Exemplar O Centro dese\u00f1ouse seguindo a filosof\u00eda de Amigos da Terra, e cun importante matiz diferencial entre o resto dos equipamentos de educaci\u00f3n ambiental galegos, pois apostamos porque o propio equipamento constitu\u00edra en si mesmo un recurso educativo exemplar, incorporando na s\u00faa construci\u00f3n aqueles principios que servir\u00edan de base ao seu proxecto educativo, [&hellip;]<\/p>\n","protected":false},"author":1,"featured_media":55,"parent":30,"menu_order":0,"comment_status":"open","ping_status":"open","template":"","meta":{"jetpack_post_was_ever_published":false,"footnotes":"","_links_to":"","_links_to_target":""},"class_list":["post-8","page","type-page","status-publish","has-post-thumbnail","hentry"],"jetpack_sharing_enabled":true,"jetpack_shortlink":"https:\/\/wp.me\/P5AiAL-8","_links":{"self":[{"href":"http:\/\/ascorcerizas.com\/central\/141118wp\/wp-json\/wp\/v2\/pages\/8","targetHints":{"allow":["GET"]}}],"collection":[{"href":"http:\/\/ascorcerizas.com\/central\/141118wp\/wp-json\/wp\/v2\/pages"}],"about":[{"href":"http:\/\/ascorcerizas.com\/central\/141118wp\/wp-json\/wp\/v2\/types\/page"}],"author":[{"embeddable":true,"href":"http:\/\/ascorcerizas.com\/central\/141118wp\/wp-json\/wp\/v2\/users\/1"}],"replies":[{"embeddable":true,"href":"http:\/\/ascorcerizas.com\/central\/141118wp\/wp-json\/wp\/v2\/comments?post=8"}],"version-history":[{"count":0,"href":"http:\/\/ascorcerizas.com\/central\/141118wp\/wp-json\/wp\/v2\/pages\/8\/revisions"}],"up":[{"embeddable":true,"href":"http:\/\/ascorcerizas.com\/central\/141118wp\/wp-json\/wp\/v2\/pages\/30"}],"wp:featuredmedia":[{"embeddable":true,"href":"http:\/\/ascorcerizas.com\/central\/141118wp\/wp-json\/wp\/v2\/media\/55"}],"wp:attachment":[{"href":"http:\/\/ascorcerizas.com\/central\/141118wp\/wp-json\/wp\/v2\/media?parent=8"}],"curies":[{"name":"wp","href":"https:\/\/api.w.org\/{rel}","templated":true}]}}