{"id":77,"date":"2015-01-19T01:32:35","date_gmt":"2015-01-19T01:32:35","guid":{"rendered":"http:\/\/ascorcerizas.com\/central\/141118wp\/?page_id=77"},"modified":"2015-05-20T15:35:13","modified_gmt":"2015-05-20T15:35:13","slug":"histograma","status":"publish","type":"page","link":"http:\/\/ascorcerizas.com\/central\/141118wp\/presentacion\/histograma\/","title":{"rendered":"Histograma"},"content":{"rendered":"<h2 style=\"text-align: left;\">1995<\/h2>\n<h4>Elaboraci\u00f3n do proxecto inicial<\/h4>\n<span style=\"background-color: #fff;\"><a onclick=\"read_toggle(1760950927, 'Ler m\u00e1is \u00bb', ''); return false;\" class=\"read-link\" id=\"readlink1760950927\" style=\"\" href=\"#\">Ler m\u00e1is \u00bb<\/a><\/span>\n<div class=\"read_div\" id=\"read1760950927\" style=\"display: none;\"><\/p>\n<p style=\"text-align: left;\">O nacemento de As Corcerizas tivo a s\u00faa orixe nunha iniciativa de dinamizaci\u00f3n da serra ourens\u00e1 por\u00a0parte da asociaci\u00f3n cultural \u201cAmigos dos Milagres e San Mamede\u201c, entidade de \u00e1mbito local que abrangue\u00a0os Concellos de Vilar de Barrio e Ba\u00f1os de Molgas. Entre as s\u00faas prioridades destacou a promoci\u00f3n dos\u00a0valores patrimoniais, naturais e antropol\u00f3xicos da Serra da San Mamede, froito das cales no ano 1995\u00a0elaboran un proxecto coa finalidade de dinamizar este ecosistema de monta\u00f1a, sendo fundamental a\u00a0colaboraci\u00f3n da Comunidade de Montes de Arnuide e do <a title=\"Concello de Vilar de Barrio\" href=\"http:\/\/www.vilardebarrio.com\/\" target=\"_blank\">Concello de Vilar de Barrio<\/a>, entidades\u00a0propietarias das instalaci\u00f3ns e terreos circundantes.<\/div>\n<h2 style=\"text-align: left;\">2000<\/h2>\n<h4>Comezan as obras do equipamento e a creaci\u00f3n do proxecto educativo<\/h4>\n<span style=\"background-color: #fff;\"><a onclick=\"read_toggle(895729287, 'Ler m\u00e1is \u00bb', ''); return false;\" class=\"read-link\" id=\"readlink895729287\" style=\"\" href=\"#\">Ler m\u00e1is \u00bb<\/a><\/span>\n<div class=\"read_div\" id=\"read895729287\" style=\"display: none;\"><\/p>\n<p style=\"text-align: left;\">Despois de moitos esforzos, no ano 2000 reciben a aprobaci\u00f3n do proxecto por parte da Uni\u00f3n Europea\u00a0(FSE) e a implicaci\u00f3n de distintas administraci\u00f3ns p\u00fablicas (INEGA, AGADER, Direcci\u00f3n Xeral de\u00a0Xuventude e Solidaridade, Ministerio de Agricultura, Pesca y Alimentaci\u00f3n) para a rehabilitaci\u00f3n da antiga\u00a0casa forestal, adapt\u00e1ndoa a albergue, e a construci\u00f3n de d\u00faas novas instalaci\u00f3ns, co \u00e1nimo de convertelas\u00a0en polo de atracci\u00f3n de visitantes e acadar un maior desenvolvemento do territorio no que est\u00e1 inmerso.<\/div>\n<h2 style=\"text-align: left;\">2002<\/h2>\n<h4>Amigos da Terra entra como entidade xestora<\/h4>\n<span style=\"background-color: #fff;\"><a onclick=\"read_toggle(1644835404, 'Ler m\u00e1is \u00bb', ''); return false;\" class=\"read-link\" id=\"readlink1644835404\" style=\"\" href=\"#\">Ler m\u00e1is \u00bb<\/a><\/span>\n<div class=\"read_div\" id=\"read1644835404\" style=\"display: none;\"><\/p>\n<p style=\"text-align: left;\">Para a definici\u00f3n e posta en marcha do proxecto de As Corcerizas foi fundamental o asesoramento e apoio de <a title=\"Amigos da Terra\" href=\"http:\/\/amigosdaterra.net\" target=\"_blank\">Amigos da Terra<\/a>, entidade xestora dende o inicio da actividade en 2002, que apostou firmemente\u00a0para que os edificios foran constru\u00eddos baixo criterios de sostibilidade, e para que o destino final do\u00a0equipamento fora, ademais de albergue, Centro de Educaci\u00f3n Ambiental.<\/div>\n<h2 style=\"text-align: left;\">2003<\/h2>\n<h4>Remata a posta a punto do equipamento e comeza a realizaci\u00f3n de actividades<\/h4>\n<span style=\"background-color: #fff;\"><a onclick=\"read_toggle(2061261699, 'Ler m\u00e1is \u00bb', ''); return false;\" class=\"read-link\" id=\"readlink2061261699\" style=\"\" href=\"#\">Ler m\u00e1is \u00bb<\/a><\/span>\n<div class=\"read_div\" id=\"read2061261699\" style=\"display: none;\"><\/p>\n<p style=\"text-align: left;\">Os tres primeiros anos de xesti\u00f3n adicaronse case exclusivamente \u00e1 posta a punto do equipamento, coa\u00a0realizaci\u00f3n dalgunha actividade puntual.<\/div>\n<h2 style=\"text-align: left;\">2005<\/h2>\n<h4>Posta en marcha dos programas educativos e mellora do autoabastecemento enerx\u00e9tico<\/h4>\n<span style=\"background-color: #fff;\"><a onclick=\"read_toggle(13906497, 'Ler m\u00e1is \u00bb', ''); return false;\" class=\"read-link\" id=\"readlink13906497\" style=\"\" href=\"#\">Ler m\u00e1is \u00bb<\/a><\/span>\n<div class=\"read_div\" id=\"read13906497\" style=\"display: none;\"><\/p>\n<p style=\"text-align: left;\">Foi a partires do ano 2.005 cando se puxeron en marcha os programas educativos para nenos\/as e as actividades de fin de semana para persoas adultas. Desde ese momento o proxecto foi evolucionando cara\u00a0a educaci\u00f3n ambiental e a formaci\u00f3n da comunidade adulta, continuando a traballar paralelamente co sector\u00a0infantil e xuvenil.<\/div>\n<h2 style=\"text-align: left;\">2008<\/h2>\n<h4>Posta en marcha dos programas formativos<\/h4>\n<span style=\"background-color: #fff;\"><a onclick=\"read_toggle(49699480, 'Ler m\u00e1is \u00bb', ''); return false;\" class=\"read-link\" id=\"readlink49699480\" style=\"\" href=\"#\">Ler m\u00e1is \u00bb<\/a><\/span>\n<div class=\"read_div\" id=\"read49699480\" style=\"display: none;\"><\/p>\n<p style=\"text-align: left;\">As Corcerizas vaise convertendo nun referente de aplicaci\u00f3n pr\u00e1ctica dos principios de sustentabilidade,\u00a0demostrando a viabilidade da bioconstruci\u00f3n e das enerx\u00edas renovables en Galicia, e incorporando novas\u00a0visi\u00f3ns e metodolox\u00edas, como xeito eficaz de educar para a mitigaci\u00f3n do cambio clim\u00e1tico.<\/div>\n<h2 style=\"text-align: left;\">2010<\/h2>\n<h4>A Deputaci\u00f3n de Ourense acolle a cesi\u00f3n das instalaci\u00f3ns e Amigos da Terra contin\u00faa coa xesti\u00f3n<\/h4>\n<span style=\"background-color: #fff;\"><a onclick=\"read_toggle(447892060, 'Ler m\u00e1is \u00bb', ''); return false;\" class=\"read-link\" id=\"readlink447892060\" style=\"\" href=\"#\">Ler m\u00e1is \u00bb<\/a><\/span>\n<div class=\"read_div\" id=\"read447892060\" style=\"display: none;\"><\/p>\n<p style=\"text-align: left;\">A <a title=\"Deputaci\u00f3n de Ourense\" href=\"http:\/\/www.depourense.es\" target=\"_blank\">Deputaci\u00f3n de Ourense<\/a> \u00e9 a entidade cesionaria das instalaci\u00f3ns, e Amigos da Terra contin\u00faa desenvolvendo un proxecto educativo en continuo crecemento, cada d\u00eda m\u00e1is valorado e reco\u00f1ecido pola\u00a0sociedade. Comeza a proxecci\u00f3n estatal e internacional, levando a cabo eventos, congresos e seminarios.<\/div>\n<h2 style=\"text-align: left;\">2012<\/h2>\n<h4>10\u00ba Aniversario de proxecto de Amigos da Terra en As Corcerizas e ampliaci\u00f3n por 10 anos m\u00e1is<\/h4>\n<span style=\"background-color: #fff;\"><a onclick=\"read_toggle(1026397945, 'Ler m\u00e1is \u00bb', ''); return false;\" class=\"read-link\" id=\"readlink1026397945\" style=\"\" href=\"#\">Ler m\u00e1is \u00bb<\/a><\/span>\n<div class=\"read_div\" id=\"read1026397945\" style=\"display: none;\"><\/p>\n<p style=\"text-align: left;\">Amigos da Terra asina coa <a href=\"http:\/\/www.depourense.es\/\" target=\"_blank\">Deputaci\u00f3n de Ourense<\/a> a pr\u00f3rroga para a xesti\u00f3n das instalaci\u00f3ns de As Corcerizas ata o ano 2022, o que sup\u00f3n para o proxecto 10 anos m\u00e1is de oportunidades para lograr cambios proactivos na sociedade.<\/div>\n<h2 style=\"text-align: left;\">2013<\/h2>\n<h4>In\u00edciase a &#8220;Comunidade de desenvolvemento de As Corcerizas&#8221;<\/h4>\n<span style=\"background-color: #fff;\"><a onclick=\"read_toggle(1875412481, 'Ler m\u00e1is \u00bb', ''); return false;\" class=\"read-link\" id=\"readlink1875412481\" style=\"\" href=\"#\">Ler m\u00e1is \u00bb<\/a><\/span>\n<div class=\"read_div\" id=\"read1875412481\" style=\"display: none;\"><\/p>\n<p style=\"text-align: left;\">Comeza unha etapa de consolidaci\u00f3n co inicio dunha comunidade que dinamice e desenvolva novos aspectos que reforcen e ampl\u00eden o proxecto educativo de Amigos da Terra.<\/div>\n<h2 style=\"text-align: left;\">2014<\/h2>\n<h4>As Corcerizas premiada a nivel estatal e internacional como mellor proxecto de sostibilidade<\/h4>\n<span style=\"background-color: #fff;\"><a onclick=\"read_toggle(1012591687, 'Ler m\u00e1is \u00bb', ''); return false;\" class=\"read-link\" id=\"readlink1012591687\" style=\"\" href=\"#\">Ler m\u00e1is \u00bb<\/a><\/span>\n<div class=\"read_div\" id=\"read1012591687\" style=\"display: none;\"><\/p>\n<p style=\"text-align: left;\">As Corcerizas ga\u00f1a o concurso Fondo de Sustentabilidade de <a href=\"https:\/\/www.hihostels.com\/\" target=\"_blank\">Hostelling International<\/a>, dirixido a mellorar o patrimonio natural a trav\u00e9s da reduci\u00f3n de emisi\u00f3ns de carbono. Tam\u00e9n premiada a nivel estatal\u00a0pola <a href=\"http:\/\/www.conama.org\/\" target=\"_blank\">Fundaci\u00f3n CONAMA<\/a> (Congreso Nacional de Medio Ambiente) na \u00e1rea de enerx\u00eda e cambio clim\u00e1tico,\u00a0cun galard\u00f3n honor\u00edfico que distingue as mellores iniciativas de eido local a favor da sostibilidade.<\/div>\n","protected":false},"excerpt":{"rendered":"<p>1995 Elaboraci\u00f3n do proxecto inicial 2000 Comezan as obras do equipamento e a creaci\u00f3n do proxecto educativo 2002 Amigos da Terra entra como entidade xestora 2003 Remata a posta a punto do equipamento e comeza a realizaci\u00f3n de actividades 2005 Posta en marcha dos programas educativos e mellora do autoabastecemento enerx\u00e9tico 2008 Posta en marcha [&hellip;]<\/p>\n","protected":false},"author":1,"featured_media":0,"parent":5,"menu_order":0,"comment_status":"open","ping_status":"open","template":"","meta":{"jetpack_post_was_ever_published":false,"footnotes":"","_links_to":"","_links_to_target":""},"class_list":["post-77","page","type-page","status-publish","hentry"],"jetpack_sharing_enabled":true,"jetpack_shortlink":"https:\/\/wp.me\/P5AiAL-1f","_links":{"self":[{"href":"http:\/\/ascorcerizas.com\/central\/141118wp\/wp-json\/wp\/v2\/pages\/77","targetHints":{"allow":["GET"]}}],"collection":[{"href":"http:\/\/ascorcerizas.com\/central\/141118wp\/wp-json\/wp\/v2\/pages"}],"about":[{"href":"http:\/\/ascorcerizas.com\/central\/141118wp\/wp-json\/wp\/v2\/types\/page"}],"author":[{"embeddable":true,"href":"http:\/\/ascorcerizas.com\/central\/141118wp\/wp-json\/wp\/v2\/users\/1"}],"replies":[{"embeddable":true,"href":"http:\/\/ascorcerizas.com\/central\/141118wp\/wp-json\/wp\/v2\/comments?post=77"}],"version-history":[{"count":0,"href":"http:\/\/ascorcerizas.com\/central\/141118wp\/wp-json\/wp\/v2\/pages\/77\/revisions"}],"up":[{"embeddable":true,"href":"http:\/\/ascorcerizas.com\/central\/141118wp\/wp-json\/wp\/v2\/pages\/5"}],"wp:attachment":[{"href":"http:\/\/ascorcerizas.com\/central\/141118wp\/wp-json\/wp\/v2\/media?parent=77"}],"curies":[{"name":"wp","href":"https:\/\/api.w.org\/{rel}","templated":true}]}}