{"id":340,"date":"2015-05-16T23:47:15","date_gmt":"2015-05-16T23:47:15","guid":{"rendered":"http:\/\/ascorcerizas.com\/central\/141118wp\/?page_id=340"},"modified":"2015-05-21T21:02:13","modified_gmt":"2015-05-21T21:02:13","slug":"aluguer-de-instalacions","status":"publish","type":"page","link":"http:\/\/ascorcerizas.com\/central\/141118wp\/destacado\/albergue\/aluguer-de-instalacions\/","title":{"rendered":"Aluguer de Instalaci\u00f3ns"},"content":{"rendered":"<p><strong>As Corcerizas<\/strong> \u00e9 un recurso, e como tal queremos compartilo!<\/p>\n<p>Se formas parte dunha ONG, asociaci\u00f3n, cooperativa ou calquera outra entidade cuns criterios compatibles coa nosa visi\u00f3n, an\u00edmate a propor unha asemblea, xuntanza de traballo, curso ou convivio en As Corcerizas.<\/p>\n<p>Poderedes disfrutar de todos os servizos e comodidades:<a href=\"http:\/\/ascorcerizas.com\/central\/141118wp\/wp-content\/uploads\/2015\/05\/2014_02_01_01.jpg\"><img loading=\"lazy\" decoding=\"async\" class=\"alignright size-medium wp-image-452\" src=\"http:\/\/ascorcerizas.com\/central\/141118wp\/wp-content\/uploads\/2015\/05\/2014_02_01_01-300x225.jpg\" alt=\"Aula en As Corcerizas\" width=\"300\" height=\"225\" srcset=\"http:\/\/ascorcerizas.com\/central\/141118wp\/wp-content\/uploads\/2015\/05\/2014_02_01_01-300x225.jpg 300w, http:\/\/ascorcerizas.com\/central\/141118wp\/wp-content\/uploads\/2015\/05\/2014_02_01_01.jpg 800w\" sizes=\"auto, (max-width: 300px) 100vw, 300px\" \/><\/a><\/p>\n<p style=\"padding-left: 30px;\"><strong>Aula:<\/strong> constru\u00eddo con criterios de arquitectura bioclim\u00e1tica e materiais de bioconstruci\u00f3n. Pos\u00fae unha superficie de 80m\u00b2 con sistema de calefacci\u00f3n, garantindo a total comodidade dos\/as participantes. A aula est\u00e1 equipada con mobiliario docente para 50 persoas, ademais dos elementos auxiliares necesarios e medios audiovisuais (can\u00f3n de luz, pantalla de proxecci\u00f3n, ordenador, pizarra, etc.)<\/p>\n<p style=\"padding-left: 30px;\"><strong>Comedor:<\/strong> instalaci\u00f3n dese\u00f1ada con criterios e materiais de bioconstruci\u00f3n. Disp\u00f3n do mobiliario necesario para ofrecer servizo para 60 persoas. Consta dunha sala multiusos-comedor superior a 130m\u00b2, aseos, e un adaptado para persoas con discapacidade; sala de material, oficina, coci\u00f1a industrial, sistema de calefacci\u00f3n e cheminea.<\/p>\n<p style=\"padding-left: 30px;\"><strong>Albergue:<\/strong> con capacidade para 40 persoas (ba\u00f1o e 2 camas adaptadas para persoas con discapacidade) distribu\u00eddas en habitaci\u00f3ns grandes de 16 prazas, e 2 pequenas de 5 e 3 prazas; un sal\u00f3n comunitario con cheminea, unha coci\u00f1a de libre uso, unha enfermer\u00eda e recepci\u00f3n. Disp\u00f3n de calefacci\u00f3n en todas as habitaci\u00f3ns.<\/p>\n<h2>Tarifas e Condici\u00f3ns<\/h2>\n<span style=\"background-color: #fff;\"><a onclick=\"read_toggle(323422336, 'Ler m\u00e1is \u00bb', ''); return false;\" class=\"read-link\" id=\"readlink323422336\" style=\"\" href=\"#\">Ler m\u00e1is \u00bb<\/a><\/span>\n<div class=\"read_div\" id=\"read323422336\" style=\"display: none;\"><\/p>\n<ul>\n<li>Espazo do comedor ou aula para unha xornada: 60\u20ac<\/li>\n<li>Fin de semana (venres pola tarde a domingo): 450\u20ac<\/li>\n<li>Datas sinaladas e eventos especiais (incl\u00fae 1 noite): fin de ano, celebraci\u00f3n de aniversarios, etc.: 450\u20ac<\/li>\n<li>Realizaci\u00f3n de campamentos, formaci\u00f3ns, intercambios (15 d\u00edas, ata 40 persoas): 2.220\u20ac<\/li>\n<\/ul>\n<p>As tarifas incl\u00faen:<\/p>\n<ul>\n<li>Aloxamento en albergue: liteiras, con servizos (wc, duchas, auga quente).<\/li>\n<li>Persoal de xesti\u00f3n das instalaci\u00f3ns.<\/li>\n<li>Uso do comedor para actividades e comidas.<\/li>\n<li>Uso de coci\u00f1a con menaxe.<\/li>\n<li>Limpeza das instalaci\u00f3ns e lavandeir\u00eda.<\/li>\n<li>Calefacci\u00f3n en todos os espazos.<\/li>\n<li>Uso e disfrute das instalaci\u00f3ns.<\/li>\n<li>Seguro de responsabilidade civil e gastos de xesti\u00f3n.<\/li>\n<\/ul>\n<p>As tarifas non incl\u00faen o i.v.e. (10% aplicable)<\/div>\n<h2>Promoci\u00f3ns<\/h2>\n<span style=\"background-color: #fff;\"><a onclick=\"read_toggle(2082092247, 'Ler m\u00e1is \u00bb', ''); return false;\" class=\"read-link\" id=\"readlink2082092247\" style=\"\" href=\"#\">Ler m\u00e1is \u00bb<\/a><\/span>\n<div class=\"read_div\" id=\"read2082092247\" style=\"display: none;\">Dirixidas as entidades colaboradoras de <strong>Amigos da Terra<\/strong>, e \u00e1s persoas socias:<\/p>\n<ul>\n<li>10% de desconto en todos os servizos de aluguer.<\/li>\n<li>Desconto do 40% no segundo evento que organice no mesmo ano (excepto aluguer de unha xornada).<\/li>\n<\/ul>\n<p><\/div>\n","protected":false},"excerpt":{"rendered":"<p>As Corcerizas \u00e9 un recurso, e como tal queremos compartilo! Se formas parte dunha ONG, asociaci\u00f3n, cooperativa ou calquera outra entidade cuns criterios compatibles coa nosa visi\u00f3n, an\u00edmate a propor unha asemblea, xuntanza de traballo, curso ou convivio en As Corcerizas. Poderedes disfrutar de todos os servizos e comodidades: Aula: constru\u00eddo con criterios de arquitectura [&hellip;]<\/p>\n","protected":false},"author":1,"featured_media":0,"parent":12,"menu_order":0,"comment_status":"open","ping_status":"open","template":"","meta":{"jetpack_post_was_ever_published":false,"footnotes":"","_links_to":"","_links_to_target":""},"class_list":["post-340","page","type-page","status-publish","hentry"],"jetpack_sharing_enabled":true,"jetpack_shortlink":"https:\/\/wp.me\/P5AiAL-5u","_links":{"self":[{"href":"http:\/\/ascorcerizas.com\/central\/141118wp\/wp-json\/wp\/v2\/pages\/340","targetHints":{"allow":["GET"]}}],"collection":[{"href":"http:\/\/ascorcerizas.com\/central\/141118wp\/wp-json\/wp\/v2\/pages"}],"about":[{"href":"http:\/\/ascorcerizas.com\/central\/141118wp\/wp-json\/wp\/v2\/types\/page"}],"author":[{"embeddable":true,"href":"http:\/\/ascorcerizas.com\/central\/141118wp\/wp-json\/wp\/v2\/users\/1"}],"replies":[{"embeddable":true,"href":"http:\/\/ascorcerizas.com\/central\/141118wp\/wp-json\/wp\/v2\/comments?post=340"}],"version-history":[{"count":0,"href":"http:\/\/ascorcerizas.com\/central\/141118wp\/wp-json\/wp\/v2\/pages\/340\/revisions"}],"up":[{"embeddable":true,"href":"http:\/\/ascorcerizas.com\/central\/141118wp\/wp-json\/wp\/v2\/pages\/12"}],"wp:attachment":[{"href":"http:\/\/ascorcerizas.com\/central\/141118wp\/wp-json\/wp\/v2\/media?parent=340"}],"curies":[{"name":"wp","href":"https:\/\/api.w.org\/{rel}","templated":true}]}}