{"id":8,"date":"2015-01-09T10:54:36","date_gmt":"2015-01-09T09:54:36","guid":{"rendered":"http:\/\/ascorcerizas.com\/central\/141118wp\/es\/?page_id=8"},"modified":"2015-12-04T02:59:48","modified_gmt":"2015-12-04T01:59:48","slug":"presentacion","status":"publish","type":"page","link":"http:\/\/ascorcerizas.com\/central\/141118wp\/es\/presentacion\/","title":{"rendered":"Presentaci\u00f3n"},"content":{"rendered":"<h3>Un Proyecto de Amigos da Terra<\/h3>\n<p><strong><a href=\"http:\/\/amigosdaterra.net\/\" target=\"_blank\"><img loading=\"lazy\" decoding=\"async\" class=\"alignleft wp-image-202 size-full\" title=\"Amigos da Terra\" src=\"http:\/\/ascorcerizas.com\/central\/141118wp\/wp-content\/uploads\/2015\/02\/logotipo_adt_H03_WEB.png\" alt=\"Amigos da Terra\" width=\"328\" height=\"140\" \/><\/a>Nuestro nombre nos define. Somos una asociaci\u00f3n ecologista, integrada en la red de Friends of the Earth International, presente en 77 pa\u00edses con m\u00e1s de un mill\u00f3n de socios y socias. Nuestra misi\u00f3n es el fomento de un cambio local y global hacia una sociedad m\u00e1s respetuosa con el medio ambiente, justa y solidaria.<\/strong><\/p>\n<p><strong>Apostamos firmemente por la creaci\u00f3n de una nueva cultura ambiental, por lo que desde el a\u00f1o 2002 desarrollamos un proyecto vanguardista orientado a la formaci\u00f3n de este nuevo modelo de sostenibilidad: As Corcerizas, en la Sierra de San Mamede en el Macizo Central de Ourense, Galicia.<\/strong><\/p>\n<p><!--more--><\/p>\n<p>Desde su nacimiento se convirti\u00f3 en un reto, un proyecto transformador en el que Amigos da Terra hizo esta apuesta para demostrar la viabilidad e importancia de poner en pr\u00e1ctica un proyecto educativo con un equipamiento en total coherencia socioambiental e impulsar un necesario cambio de paradigma mostrando alternativas reales desde la propia experiencia vivencial directa. Eficiencia energ\u00e9tica y uso exclusivo de energ\u00edas renovables, bioconstruci\u00f3n, biodepuraci\u00f3n de las aguas, compostaje, alimentaci\u00f3n ecol\u00f3gica y local, junto con la defensa y revalorizaci\u00f3n del entorno natural y rural; son los principales ingredientes que convirtieron en realidad esta iniciativa, que sigue evolucionando viva y din\u00e1micamente como la propia naturaleza en la que est\u00e1 asentada.<\/p>\n<p><img loading=\"lazy\" decoding=\"async\" class=\"aligncenter wp-image-225 size-full\" title=\"Amigos da Terra\" src=\"http:\/\/ascorcerizas.com\/central\/141118wp\/wp-content\/uploads\/2015\/01\/01_presentacion.jpg\" alt=\"01_presentacion\" width=\"870\" height=\"580\" \/><\/p>\n<p>En este contexto As Corcerizas es un equipamiento reconocido, considerado como referente para la puesta en marcha de otras iniciativas. Su modelo energ\u00e9tico descentralizado, basado en la minimizaci\u00f3n de emisiones de carbono, gan\u00f3 el concurso <strong><em>Fondo de Sostenibilidad de Hostelling International<\/em><\/strong>, as\u00ed como el premio <em><strong>CONAMA<\/strong><\/em> (Congreso Nacional de Medio Ambiente) a nivel estatal, un galard\u00f3n honor\u00edfico que distingue las mejores iniciativas de terreno local a favor de la sostenibilidad.<\/p>\n<p>En Amigos da Terra continuamos defendiendo alternativas que pongan freno a los m\u00e1s graves problemas ambientales, generando reflexi\u00f3n y reacci\u00f3n social, para crear nuevas l\u00edneas estrat\u00e9gicas, sinergias y fortalecer el trabajo en red. Precisamos tu apoyo para continuar demostrando que desde la pr\u00e1ctica y la acci\u00f3n podemos formar parte de las soluciones.<br \/>\n\u00a1Act\u00edvate, hazte Amig@ da Terra!<\/p>\n<h3><a href=\"http:\/\/ascorcerizas.com\/central\/141118wp\/es\/presentacion\/histograma\/\">Histograma<\/a><\/h3>\n<p>Evoluci\u00f3n del proyecto <strong>As Corcerizas<\/strong> desde <a href=\"http:\/\/ascorcerizas.com\/central\/141118wp\/es\/presentacion\/histograma\/\">1995 a 2015<\/a>.<\/p>\n","protected":false},"excerpt":{"rendered":"<p>Un Proyecto de Amigos da Terra Nuestro nombre nos define. Somos una asociaci\u00f3n ecologista, integrada en la red de Friends of the Earth International, presente en 77 pa\u00edses con m\u00e1s de un mill\u00f3n de socios y socias. Nuestra misi\u00f3n es el fomento de un cambio local y global hacia una sociedad m\u00e1s respetuosa con el [&hellip;]<\/p>\n","protected":false},"author":1,"featured_media":0,"parent":0,"menu_order":2,"comment_status":"open","ping_status":"closed","template":"","meta":{"jetpack_post_was_ever_published":false,"footnotes":"","_links_to":"","_links_to_target":""},"class_list":["post-8","page","type-page","status-publish","hentry"],"jetpack_sharing_enabled":true,"jetpack_shortlink":"https:\/\/wp.me\/P6dYni-8","_links":{"self":[{"href":"http:\/\/ascorcerizas.com\/central\/141118wp\/es\/wp-json\/wp\/v2\/pages\/8","targetHints":{"allow":["GET"]}}],"collection":[{"href":"http:\/\/ascorcerizas.com\/central\/141118wp\/es\/wp-json\/wp\/v2\/pages"}],"about":[{"href":"http:\/\/ascorcerizas.com\/central\/141118wp\/es\/wp-json\/wp\/v2\/types\/page"}],"author":[{"embeddable":true,"href":"http:\/\/ascorcerizas.com\/central\/141118wp\/es\/wp-json\/wp\/v2\/users\/1"}],"replies":[{"embeddable":true,"href":"http:\/\/ascorcerizas.com\/central\/141118wp\/es\/wp-json\/wp\/v2\/comments?post=8"}],"version-history":[{"count":0,"href":"http:\/\/ascorcerizas.com\/central\/141118wp\/es\/wp-json\/wp\/v2\/pages\/8\/revisions"}],"wp:attachment":[{"href":"http:\/\/ascorcerizas.com\/central\/141118wp\/es\/wp-json\/wp\/v2\/media?parent=8"}],"curies":[{"name":"wp","href":"https:\/\/api.w.org\/{rel}","templated":true}]}}