{"id":335,"date":"2008-06-02T12:38:48","date_gmt":"2008-06-02T11:38:48","guid":{"rendered":"http:\/\/www.ascorcerizas.com\/central\/060126wp\/wp\/?page_id=335"},"modified":"2008-06-18T13:04:34","modified_gmt":"2008-06-18T12:04:34","slug":"campamentos-de-veran-2008","status":"publish","type":"page","link":"http:\/\/ascorcerizas.com\/central\/060126wp\/wp\/?page_id=335","title":{"rendered":"Campamentos de Ver\u00e1n 2008"},"content":{"rendered":"<ul>\n<li>\n<h5><u>Campamento Ambiental AS CORCERIZAS<\/u><\/h5>\n<\/li>\n<\/ul>\n<blockquote><p>Datas: do 17 ao 21 de agosto<br \/>\nParticipaci\u00f3n: nenos\/as de 8 a 11 anos<br \/>\n<strong>Cota de inscrici\u00f3n:<\/strong> 144 euros<\/p>\n<p><strong>Informaci\u00f3n e preinscrici\u00f3ns:<\/strong> Asociaci\u00f3n Amigos da Terra<br \/>\nR\u00faa da Concordia n\u00ba 20, 2\u00ba esq.<br \/>\nTlf: 988 37 43 18<br \/>\nFax: 988 51 10 20<br \/>\n<a href=\"mailto:info@ascorcerizas.com\">info@ascorcerizas.com<\/a><br \/>\n<a href=\"http:\/\/www.ascorcerizas.com\/\" title=\"As Corcerizas\">www.ascorcerizas.com<\/a><\/p>\n<p>Se est\u00e1s interesado\/a:<\/p><\/blockquote>\n<blockquote>\n<ol>\n<li>Ficha de inscrici\u00f3n <a href=\"http:\/\/www.ascorcerizas.com\/central\/060126wp\/wp\/wp-content\/uploads\/2008\/06\/fichainscripcion_campamentos-amigosdaterra_2008.doc\" title=\"Ficha de Inscrici\u00f3n\" target=\"_blank\">DOC<\/a> | <a href=\"http:\/\/www.ascorcerizas.com\/central\/060126wp\/wp\/wp-content\/uploads\/2008\/06\/fichainscripcion_campamentos-amigosdaterra_2008.pdf\" title=\"Ficha de Inscrici\u00f3n\" target=\"_blank\">PDF<\/a><\/li>\n<li>Ficha m\u00e9dica <a href=\"http:\/\/www.ascorcerizas.com\/central\/060126wp\/wp\/wp-content\/uploads\/2008\/06\/fichamedica_amigosdaterra_08.doc\" title=\"Ficha M\u00e9dica\" target=\"_blank\">DOC<\/a> | <a href=\"http:\/\/www.ascorcerizas.com\/central\/060126wp\/wp\/wp-content\/uploads\/2008\/06\/fichamedica_amigosdaterra_08.pdf\" title=\"Ficha M\u00e9dica\" target=\"_blank\">PDF<\/a><\/li>\n<li>Recomendaci\u00f3ns <a href=\"http:\/\/www.ascorcerizas.com\/central\/060126wp\/wp\/wp-content\/uploads\/2008\/06\/recomendacions_2008.doc\" title=\"Recomendaci\u00f3ns\" target=\"_blank\">DOC<\/a> | <a href=\"http:\/\/www.ascorcerizas.com\/central\/060126wp\/wp\/wp-content\/uploads\/2008\/06\/recomendacions_2008.pdf\" title=\"Recomendaci\u00f3ns\" target=\"_blank\">PDF<\/a><\/li>\n<\/ol>\n<\/blockquote>\n<ul>\n<li>\n<h5><u>Campamento CONCELLO DE OURENSE<\/u><\/h5>\n<\/li>\n<\/ul>\n<blockquote><p>Datas: do 5 ao 14 de agosto<br \/>\nParticipaci\u00f3n: mozos\/as de 15 a 18 anos<br \/>\n<strong>Cota de inscrici\u00f3n:<\/strong> 120 euros<\/p>\n<p><strong>Informaci\u00f3n e preinscrici\u00f3ns: <\/strong>Oficina Municipal de Informaci\u00f3n Xuvenil de Ourense<br \/>\nR\u00faa da Concordia n\u00ba 20, entrech\u00e1n esq.<br \/>\nTlf: 988 37 44 01<br \/>\nFax: 988 21 64 41<br \/>\n<a href=\"mailto:xuventude@ourense.es\">xuventude@ourense.es<\/a><\/p><\/blockquote>\n<ul>\n<li>\n<h5><u>Campamento CONCELLO DE PONTEVEDRA<\/u><\/h5>\n<\/li>\n<\/ul>\n<blockquote><p><strong>1\u00aa quenda<\/strong><br \/>\nDatas: do 13 ao 22 de xullo<br \/>\nParticipaci\u00f3n: nenos\/as de 9 a 11 anos<\/p>\n<p><strong>2\u00aa quenda<\/strong><br \/>\nDatas: do 25 de xullo ao 3 de agosto<\/p>\n<p>Participaci\u00f3n: nenos\/as de 12 a 14 anos<br \/>\n<strong>Cota de inscrici\u00f3n:<\/strong>  60 euros por quenda<br \/>\n50% desconto para familias numerosas ou 2 irm\u00e1ns participantes<\/p>\n<p><strong>Informaci\u00f3n e preinscrici\u00f3ns:<\/strong><br \/>\nDepartamento de Xuventude do Concello de Pontevedra<br \/>\nCasa Azul r\/ Sor Luc\u00eda n\u00ba2 &#8211; 3\u00ba andar<br \/>\nTlf: 986 84 03 67<br \/>\nFax: 986 84 61 45<br \/>\nHorario de atenci\u00f3n ao p\u00fablico: de luns a venres 9:00 &#8211; 14:00<br \/>\n<a href=\"mailto:xuventude@concellopontevedra.es\">xuventude@concellopontevedra.es<\/a><br \/>\n<a href=\"http:\/\/www.ponteveran.org\/\">www.ponteveran.org<\/a><\/p><\/blockquote>\n<p><img decoding=\"async\" src=\"http:\/\/www.amigosdaterra.net\/info\/ascorcerizas\/images\/indica_inter.gif\" \/> <strong><a href=\"http:\/\/www.ascorcerizas.com\/central\/060126wp\/wp\/?page_id=328\">INFORMACI\u00d3N XERAL SOBRE OS CAMPAMENTOS:<\/a> <\/strong>obxectivos, descrici\u00f3n das instalaci\u00f3ns, equipo t\u00e9cnico, alimentaci\u00f3n, actividades\u2026<\/p>\n","protected":false},"excerpt":{"rendered":"<p>Campamento Ambiental AS CORCERIZAS Datas: do 17 ao 21 de agosto Participaci\u00f3n: nenos\/as de 8 a 11 anos Cota de inscrici\u00f3n: 144 euros Informaci\u00f3n e preinscrici\u00f3ns: Asociaci\u00f3n Amigos da Terra R\u00faa da Concordia n\u00ba 20, 2\u00ba esq. Tlf: 988 37 43 18 Fax: 988 51 10 20 info@ascorcerizas.com www.ascorcerizas.com Se est\u00e1s interesado\/a: Ficha de inscrici\u00f3n [&hellip;]<\/p>\n","protected":false},"author":1,"featured_media":0,"parent":236,"menu_order":0,"comment_status":"open","ping_status":"open","template":"","meta":{"jetpack_post_was_ever_published":false,"footnotes":""},"class_list":["post-335","page","type-page","status-publish","hentry"],"jetpack_sharing_enabled":true,"jetpack_shortlink":"https:\/\/wp.me\/P7kmhj-5p","_links":{"self":[{"href":"http:\/\/ascorcerizas.com\/central\/060126wp\/wp\/index.php?rest_route=\/wp\/v2\/pages\/335","targetHints":{"allow":["GET"]}}],"collection":[{"href":"http:\/\/ascorcerizas.com\/central\/060126wp\/wp\/index.php?rest_route=\/wp\/v2\/pages"}],"about":[{"href":"http:\/\/ascorcerizas.com\/central\/060126wp\/wp\/index.php?rest_route=\/wp\/v2\/types\/page"}],"author":[{"embeddable":true,"href":"http:\/\/ascorcerizas.com\/central\/060126wp\/wp\/index.php?rest_route=\/wp\/v2\/users\/1"}],"replies":[{"embeddable":true,"href":"http:\/\/ascorcerizas.com\/central\/060126wp\/wp\/index.php?rest_route=%2Fwp%2Fv2%2Fcomments&post=335"}],"version-history":[{"count":0,"href":"http:\/\/ascorcerizas.com\/central\/060126wp\/wp\/index.php?rest_route=\/wp\/v2\/pages\/335\/revisions"}],"up":[{"embeddable":true,"href":"http:\/\/ascorcerizas.com\/central\/060126wp\/wp\/index.php?rest_route=\/wp\/v2\/pages\/236"}],"wp:attachment":[{"href":"http:\/\/ascorcerizas.com\/central\/060126wp\/wp\/index.php?rest_route=%2Fwp%2Fv2%2Fmedia&parent=335"}],"curies":[{"name":"wp","href":"https:\/\/api.w.org\/{rel}","templated":true}]}}