{"id":333,"date":"2008-06-02T11:09:02","date_gmt":"2008-06-02T10:09:02","guid":{"rendered":"http:\/\/www.ascorcerizas.com\/central\/060126wp\/wp\/?page_id=333"},"modified":"2008-06-02T18:36:01","modified_gmt":"2008-06-02T17:36:01","slug":"campamentos-de-veran-act","status":"publish","type":"page","link":"http:\/\/ascorcerizas.com\/central\/060126wp\/wp\/?page_id=333","title":{"rendered":"Campamentos de Ver\u00e1n"},"content":{"rendered":"<p><strong>CAMPAMENTOS DE VER\u00c1N AS CORCERIZAS<\/strong><br \/>\nOfrece unha boa alternativa e ver\u00e1s cambiar o mundo<\/p>\n<table class=\"menu-campa\">\n<tr>\n<td><img decoding=\"async\" src=\"http:\/\/www.ascorcerizas.com\/central\/060126wp\/wp\/wp-content\/uploads\/2008\/06\/campamentos_veran_2008.jpg\" alt=\"campamentos_veran_2008.jpg\" \/><\/td>\n<td class=\"letra-pequena\" width=\"100%\">\n<ul>\n<li><a href=\"?page_id=328\" title=\"Proxecto Educativo\">Proxecto Educativo<\/a><\/li>\n<li><a href=\"?page_id=329\" title=\"Obxectivos Educativos\">Obxectivos Educativos<\/a><\/li>\n<li><a href=\"?page_id=330\" title=\"Descrici\u00f3n das Instalaci\u00f3ns\">Descrici\u00f3n das Instalaci\u00f3ns<\/a><\/li>\n<li><a href=\"?page_id=331\" title=\"Equipo T\u00e9cnico\">Equipo T\u00e9cnico<\/a><\/li>\n<li><a href=\"?page_id=332\" title=\"Alimentaci\u00f3n\">Alimentaci\u00f3n<\/a><\/li>\n<li><strong>Programa de Actividades<\/strong><\/li>\n<\/ul>\n<\/td>\n<\/tr>\n<\/table>\n<p>Todas as actividades que se desenvolven nos Campamentos de As Corcerizas ad\u00e1ptanse aos diferentes grupos de idades e son escollidas e organizadas para adquirir, ademais de novos co\u00f1ecementos, actitudes e capacidades como psicomotricidade, cooperaci\u00f3n, respecto mutuo, coordinaci\u00f3n, socializaci\u00f3n, imaxinaci\u00f3n, axilidade f\u00edsica e mental;  enfocadas sempre baixo unha perspectiva educativa \u00e1 vez que l\u00fadica.<\/p>\n<p>O feito de que o Centro sexa pioneiro en Galicia e referente a nivel estatal no uso das enerx\u00edas renovables para o seu autoconsumo, no eido da bioconstruci\u00f3n, e no tratamento alternativo de residuos, fai obrigado que os\/as rapaces\/zas participen nunha <strong><em>Aposta contra o  Cambio Clim\u00e1tico <\/em><\/strong>ao longo de todo o Campamento, a trav\u00e9s de din\u00e1micas e xogos.<\/p>\n<p>Comezando coa <strong><u>Visita interpretativa polas instalaci\u00f3ns<\/u><\/strong>, comprender\u00e1n os problemas que se derivan do <strong>cambio clim\u00e1tico<\/strong>, \u00e1 vez que co\u00f1ecen as alternativas para vivir dun xeito m\u00e1is <strong>sostible <\/strong>sen renunciar aos niveis de benestar acadados ata o de agora.<\/p>\n<p>Far\u00e1n unha observaci\u00f3n directa do funcionamento, viabilidade e an\u00e1lise das consecuencias do uso das distintas enerx\u00edas alternativas que autoabastecen o Centro de As Corcerizas: microturbina, placas solares t\u00e9rmicas e fotovoltaicas, aeroxerador, caldeiras de biomasa e el\u00e9ctrica, instalaci\u00f3n de almacenamento e distribuci\u00f3n de enerx\u00eda. Nalg\u00fans casos ser\u00e1n os propios participantes os que poder\u00e1n p\u00f3r en marcha mecanismos, facer medici\u00f3ns e controlar os par\u00e1metros da enerx\u00eda que se est\u00e1 xenerando ao seu ao redor e que aporta a electricidade e a calor da que se disp\u00f3n nas instalaci\u00f3ns.<\/p>\n<p><img decoding=\"async\" src=\"http:\/\/www.ascorcerizas.com\/central\/060126wp\/wp\/wp-content\/uploads\/2008\/06\/foto_campamentos-01.jpg\" alt=\"Campamentos en As Corcerizas\" \/> <img decoding=\"async\" src=\"http:\/\/www.ascorcerizas.com\/central\/060126wp\/wp\/wp-content\/uploads\/2008\/06\/foto_campamentos-02.jpg\" alt=\"Campamentos en As Corcerizas\" \/><br \/>\n<em>Visita polas instalaci\u00f3ns e xogos cooperativos<\/em><\/p>\n<p>A Serra de San Mamede resulta un enclave natural excepcional para co\u00f1ecer a natureza e os recursos do singular Macizo Central Ourens\u00e1n. Crearase un grupo de &#8220;aut\u00e9nticos exploradores&#8221; facendo <strong><u>Excursi\u00f3ns e<\/u><\/strong><u> <strong>Actividades pr\u00e1cticas no campo<\/strong><\/u>: plantaci\u00f3ns, rastrexos, estudos de biodiversidade, topograf\u00eda e orientaci\u00f3n, sa\u00eddas pr\u00e1cticas sobre paisaxe, xeolox\u00eda, edafolox\u00eda, &#8230;<\/p>\n<p>A ubicaci\u00f3n do Centro e a s\u00faa proximidade con varios pobos t\u00edpicos da monta\u00f1a galega brindaranos a oportunidade de disfrutar de diferentes <strong><u>Roteiros e actividades etnogr\u00e1ficas<\/u><\/strong> . Acompa\u00f1ados polos seus\/s\u00faas actuais poboadores\/as, os\/as rapaces\/zas visitar\u00e1n elementos patrimoniais singulares, mu\u00ed\u00f1os de auga, fornos comunais, pobos abandonados,&#8230; descubrindo os oficios, apeiros de labranza, arquitectura tradicional, lendas e tradici\u00f3ns a d\u00eda de hoxe vixentes.<\/p>\n<p>O amplo co\u00f1ecemento dos habitantes sobre usos e aproveitamentos das plantas, cester\u00eda, teares, apicultura&#8230; far\u00e1n dunha labor xa case esquecida para eles, unha experiencia inesquecible para os participantes.<\/p>\n<p><img decoding=\"async\" src=\"http:\/\/www.ascorcerizas.com\/central\/060126wp\/wp\/wp-content\/uploads\/2008\/06\/foto_campamentos-03.jpg\" alt=\"Campamentos en As Corcerizas\" \/> <img decoding=\"async\" src=\"http:\/\/www.ascorcerizas.com\/central\/060126wp\/wp\/wp-content\/uploads\/2008\/06\/foto_campamentos-04.jpg\" alt=\"Campamentos en As Corcerizas\" \/><br \/>\n<em>Roteiro polos arredores e obradoiro de cester\u00eda<\/em><\/p>\n<p>Os <strong><u>Obradoiros<\/u><\/strong> son a f\u00f3rmula ideal para adquirir xogando, novas habilidades e co\u00f1ecementos. Contamos cunha ampla oferta:<\/p>\n<ul type=\"disc\">\n<li><strong>Obradoiros      ambientais:<\/strong> enerx\u00edas renovables,      vermicompostaxe, bioconstruci\u00f3n, sons da natureza, auga, residuos,      rastros, sinais e pegadas da vida do bosque, videoforums, flora e fauna      salvaxe&#8230; podendo presenciar solta de animais procedentes de centros de      recuperaci\u00f3n.<\/li>\n<\/ul>\n<ul type=\"disc\">\n<li><strong>Alimentaci\u00f3n      e consumo: <\/strong>ao      longo do campamento os\/as participantes ir\u00e1n incorporando h\u00e1bitos e percibindo a importancia dunha alimentaci\u00f3n sa e      sustentable. Co\u00f1ecer\u00e1n  as      diferenzas que se crean ao elexir un producto ou outro a todos os niveis:      residuos, enerx\u00eda para a produci\u00f3n, consumo de auga, agricultura      ecol\u00f3xica, comercio xusto&#8230;<\/li>\n<\/ul>\n<ul type=\"disc\">\n<li><strong>Traballos      manuais: <\/strong>Xogos,      xoguetes e instrumentos de refugallo, caixas ni\u00f1o, comedeiros para      paxaros, bonsais, bixuter\u00eda natural, papiroflexia, papel mach\u00e9, barro,      abalorios, tintura de camisetas, encadernaci\u00f3n, colgantes e serpentinas,      cester\u00eda, papel reciclado&#8230;<strong> <\/strong><\/li>\n<\/ul>\n<p>Un bo e necesario complemento dentro da programaci\u00f3n son as <strong><u>Actividades de animaci\u00f3n, lecer e deporte<\/u><\/strong>. A trav\u00e9s delas os\/as participantes desenvolven e adquiren actitudes, aptitudes e capacidades tales como: psicomotricidade, cooperaci\u00f3n, respecto mutuo, coordinaci\u00f3n, socializaci\u00f3n, imaxinaci\u00f3n, axilidade f\u00edsica e mental&#8230;<\/p>\n<p>Xogos, din\u00e1micas de grupo, canci\u00f3ns do mundo, astronom\u00eda, deportes alternativos, xogos tradicionais galegos, xogos acu\u00e1ticos, ping-pong, volley ball, danzas do mundo&#8230;<\/p>\n<p><img decoding=\"async\" src=\"http:\/\/www.ascorcerizas.com\/central\/060126wp\/wp\/wp-content\/uploads\/2008\/06\/foto_campamentos-05.jpg\" alt=\"Campamentos en As Corcerizas\" \/> <img decoding=\"async\" src=\"http:\/\/www.ascorcerizas.com\/central\/060126wp\/wp\/wp-content\/uploads\/2008\/06\/foto_campamentos-06.jpg\" alt=\"Campamentos en As Corcerizas\" \/><br \/>\n<em>Ba\u00f1o no r\u00edo Arnoia e actividades deportivas<\/em><\/p>\n<p>E como non, tam\u00e9n veladas nocturnas, festas tem\u00e1ticas, noites de terror&#8230;<\/p>\n","protected":false},"excerpt":{"rendered":"<p>CAMPAMENTOS DE VER\u00c1N AS CORCERIZAS Ofrece unha boa alternativa e ver\u00e1s cambiar o mundo Proxecto Educativo Obxectivos Educativos Descrici\u00f3n das Instalaci\u00f3ns Equipo T\u00e9cnico Alimentaci\u00f3n Programa de Actividades Todas as actividades que se desenvolven nos Campamentos de As Corcerizas ad\u00e1ptanse aos diferentes grupos de idades e son escollidas e organizadas para adquirir, ademais de novos co\u00f1ecementos, [&hellip;]<\/p>\n","protected":false},"author":1,"featured_media":0,"parent":328,"menu_order":0,"comment_status":"open","ping_status":"open","template":"","meta":{"jetpack_post_was_ever_published":false,"footnotes":""},"class_list":["post-333","page","type-page","status-publish","hentry"],"jetpack_sharing_enabled":true,"jetpack_shortlink":"https:\/\/wp.me\/P7kmhj-5n","_links":{"self":[{"href":"http:\/\/ascorcerizas.com\/central\/060126wp\/wp\/index.php?rest_route=\/wp\/v2\/pages\/333","targetHints":{"allow":["GET"]}}],"collection":[{"href":"http:\/\/ascorcerizas.com\/central\/060126wp\/wp\/index.php?rest_route=\/wp\/v2\/pages"}],"about":[{"href":"http:\/\/ascorcerizas.com\/central\/060126wp\/wp\/index.php?rest_route=\/wp\/v2\/types\/page"}],"author":[{"embeddable":true,"href":"http:\/\/ascorcerizas.com\/central\/060126wp\/wp\/index.php?rest_route=\/wp\/v2\/users\/1"}],"replies":[{"embeddable":true,"href":"http:\/\/ascorcerizas.com\/central\/060126wp\/wp\/index.php?rest_route=%2Fwp%2Fv2%2Fcomments&post=333"}],"version-history":[{"count":0,"href":"http:\/\/ascorcerizas.com\/central\/060126wp\/wp\/index.php?rest_route=\/wp\/v2\/pages\/333\/revisions"}],"up":[{"embeddable":true,"href":"http:\/\/ascorcerizas.com\/central\/060126wp\/wp\/index.php?rest_route=\/wp\/v2\/pages\/328"}],"wp:attachment":[{"href":"http:\/\/ascorcerizas.com\/central\/060126wp\/wp\/index.php?rest_route=%2Fwp%2Fv2%2Fmedia&parent=333"}],"curies":[{"name":"wp","href":"https:\/\/api.w.org\/{rel}","templated":true}]}}