{"id":330,"date":"2008-06-02T10:58:58","date_gmt":"2008-06-02T09:58:58","guid":{"rendered":"http:\/\/www.ascorcerizas.com\/central\/060126wp\/wp\/?page_id=330"},"modified":"2008-06-02T11:49:38","modified_gmt":"2008-06-02T10:49:38","slug":"campamentos-de-veran-2","status":"publish","type":"page","link":"http:\/\/ascorcerizas.com\/central\/060126wp\/wp\/?page_id=330","title":{"rendered":"Campamentos de Ver\u00e1n"},"content":{"rendered":"<p><strong>CAMPAMENTOS DE VER\u00c1N AS CORCERIZAS<\/strong><br \/>\nOfrece unha boa alternativa e ver\u00e1s cambiar o mundo<\/p>\n<table class=\"menu-campa\">\n<tr>\n<td><img decoding=\"async\" src=\"http:\/\/www.ascorcerizas.com\/central\/060126wp\/wp\/wp-content\/uploads\/2008\/06\/campamentos_veran_2008.jpg\" alt=\"campamentos_veran_2008.jpg\" \/><\/td>\n<td class=\"letra-pequena\" width=\"100%\">\n<ul>\n<li><a href=\"?page_id=328\" title=\"Proxecto Educativo\">Proxecto Educativo<\/a><\/li>\n<li><a href=\"?page_id=329\" title=\"Obxectivos Educativos\">Obxectivos Educativos<\/a><\/li>\n<li><strong>Descrici\u00f3n das Instalaci\u00f3ns<\/strong><\/li>\n<li><a href=\"?page_id=331\" title=\"Equipo T\u00e9cnico\">Equipo T\u00e9cnico<\/a><\/li>\n<li><a href=\"?page_id=332\" title=\"Alimentaci\u00f3n\">Alimentaci\u00f3n<\/a><\/li>\n<li><a href=\"?page_id=333\" title=\"Programa de Actividades\">Programa de Actividades<\/a><\/li>\n<\/ul>\n<\/td>\n<\/tr>\n<\/table>\n<p>O Centro de Educaci\u00f3n Ambiental As Corcerizas conta con 4 edificios principais independentes integrados no ecosistema forestal da Serra de San Mamede: aulario, casa das enerx\u00edas, albergue e comedor. Ademais disp\u00f3n de varias construci\u00f3ns complementarias.<strong> <\/strong><\/p>\n<p><strong>Aulario: <\/strong>constru\u00eddo<strong> <\/strong>con arquitectura bioclim\u00e1tica e materiais de bioconstruci\u00f3n, garantindo a total comodidade dos\/as participantes. Pos\u00fae unha superficie de 80m<sup>2<\/sup>. A aula est\u00e1 equipada con mobiliario docente para m\u00e1is de 30 participantes, ademais dos elementos auxiliares necesarios e medios audiovisuais.<\/p>\n<p><strong>Comedor:<\/strong> instalaci\u00f3n tam\u00e9n feita con criterios e materiais de bioconstruci\u00f3n. Disp\u00f3n de mobiliario necesario para ofrecer servizo ate 80 persoas, unha sala multiusos-comedor superior a 50m\u00b2, e aseos diferenciados por sexos e outro aseo con adaptaci\u00f3n para persoas con discapacidade.<\/p>\n<p><strong>Albergue:<\/strong> reformado con criterios e materiais de bioconstruci\u00f3n, con capacidade para 40 persoas (2 camas adaptadas para persoas con discapacidade). Disp\u00f3n de aseos diferenciados por sexos, e un sal\u00f3n e coci\u00f1a de uso comunitario, con calefacci\u00f3n en todas as habitaci\u00f3ns.<\/p>\n<p><strong>Casa das enerx\u00edas: <\/strong>nela central\u00edzanse todos os sistemas de produci\u00f3n e distribuci\u00f3n enerx\u00e9tica das distintas fontes renovables que autoabastecen as instalaci\u00f3ns.<\/p>\n<p><strong>Outras construci\u00f3ns<\/strong>: turbina, potabilizador, aeroxerador.<\/p>\n","protected":false},"excerpt":{"rendered":"<p>CAMPAMENTOS DE VER\u00c1N AS CORCERIZAS Ofrece unha boa alternativa e ver\u00e1s cambiar o mundo Proxecto Educativo Obxectivos Educativos Descrici\u00f3n das Instalaci\u00f3ns Equipo T\u00e9cnico Alimentaci\u00f3n Programa de Actividades O Centro de Educaci\u00f3n Ambiental As Corcerizas conta con 4 edificios principais independentes integrados no ecosistema forestal da Serra de San Mamede: aulario, casa das enerx\u00edas, albergue e [&hellip;]<\/p>\n","protected":false},"author":1,"featured_media":0,"parent":328,"menu_order":0,"comment_status":"open","ping_status":"open","template":"","meta":{"jetpack_post_was_ever_published":false,"footnotes":""},"class_list":["post-330","page","type-page","status-publish","hentry"],"jetpack_sharing_enabled":true,"jetpack_shortlink":"https:\/\/wp.me\/P7kmhj-5k","_links":{"self":[{"href":"http:\/\/ascorcerizas.com\/central\/060126wp\/wp\/index.php?rest_route=\/wp\/v2\/pages\/330","targetHints":{"allow":["GET"]}}],"collection":[{"href":"http:\/\/ascorcerizas.com\/central\/060126wp\/wp\/index.php?rest_route=\/wp\/v2\/pages"}],"about":[{"href":"http:\/\/ascorcerizas.com\/central\/060126wp\/wp\/index.php?rest_route=\/wp\/v2\/types\/page"}],"author":[{"embeddable":true,"href":"http:\/\/ascorcerizas.com\/central\/060126wp\/wp\/index.php?rest_route=\/wp\/v2\/users\/1"}],"replies":[{"embeddable":true,"href":"http:\/\/ascorcerizas.com\/central\/060126wp\/wp\/index.php?rest_route=%2Fwp%2Fv2%2Fcomments&post=330"}],"version-history":[{"count":0,"href":"http:\/\/ascorcerizas.com\/central\/060126wp\/wp\/index.php?rest_route=\/wp\/v2\/pages\/330\/revisions"}],"up":[{"embeddable":true,"href":"http:\/\/ascorcerizas.com\/central\/060126wp\/wp\/index.php?rest_route=\/wp\/v2\/pages\/328"}],"wp:attachment":[{"href":"http:\/\/ascorcerizas.com\/central\/060126wp\/wp\/index.php?rest_route=%2Fwp%2Fv2%2Fmedia&parent=330"}],"curies":[{"name":"wp","href":"https:\/\/api.w.org\/{rel}","templated":true}]}}