{"id":329,"date":"2008-06-02T10:52:00","date_gmt":"2008-06-02T09:52:00","guid":{"rendered":"http:\/\/www.ascorcerizas.com\/central\/060126wp\/wp\/?page_id=329"},"modified":"2008-06-02T11:48:56","modified_gmt":"2008-06-02T10:48:56","slug":"campamentos-de-veran","status":"publish","type":"page","link":"http:\/\/ascorcerizas.com\/central\/060126wp\/wp\/?page_id=329","title":{"rendered":"Campamentos de Ver\u00e1n"},"content":{"rendered":"<p><strong>CAMPAMENTOS DE VER\u00c1N AS CORCERIZAS<\/strong><br \/>\nOfrece unha boa alternativa e ver\u00e1s cambiar o mundo<\/p>\n<table class=\"menu-campa\">\n<tr>\n<td><img decoding=\"async\" src=\"http:\/\/www.ascorcerizas.com\/central\/060126wp\/wp\/wp-content\/uploads\/2008\/06\/campamentos_veran_2008.jpg\" alt=\"campamentos_veran_2008.jpg\" \/><\/td>\n<td class=\"letra-pequena\" width=\"100%\">\n<ul>\n<li><a href=\"?page_id=328\" title=\"Proxecto Educativo\">Proxecto Educativo<\/a><\/li>\n<li><strong>Obxectivos Educativos<\/strong><\/li>\n<li><a href=\"?page_id=330\" title=\"Descrici\u00f3n das Instalaci\u00f3ns\">Descrici\u00f3n das Instalaci\u00f3ns<\/a><\/li>\n<li><a href=\"?page_id=331\" title=\"Equipo T\u00e9cnico\">Equipo T\u00e9cnico<\/a><\/li>\n<li><a href=\"?page_id=332\" title=\"Alimentaci\u00f3n\">Alimentaci\u00f3n<\/a><\/li>\n<li><a href=\"?page_id=333\" title=\"Programa de Actividades\">Programa de Actividades<\/a><\/li>\n<\/ul>\n<\/td>\n<\/tr>\n<\/table>\n<p>Os obxectivos e metodolox\u00eda de Amigos da Terra<strong> <\/strong>te\u00f1en como referencia \u00e1 <strong>Estratexia Galega de Educaci\u00f3n Ambiental<\/strong>, e ax\u00fastanse \u00e1s recomendaci\u00f3ns da <strong>Carta de Calidade dos Equipamentos de Educaci\u00f3n Ambiental.<\/strong><\/p>\n<p>Os obxectivos, presentes no desenvolvemento de todas as actividades, son:<\/p>\n<ul>\n<li>Descubrir, co\u00f1ecer e comprender as interaci\u00f3ns entre humanidade e medio, baseadas nos <strong>principios de sostibilidade<\/strong>.<\/li>\n<li>Chegar a tomar conciencia da importancia do medio ambiente na vida coti\u00e1 e valorar  a transcendencia da mellora do entorno polas xeraci\u00f3ns futuras, para mellorar a <strong>calidade de vida.<\/strong><\/li>\n<li>Espertar a curiosidade das\/dos participantes mediante comprobaci\u00f3ns emp\u00edricas; potenciando a imaxinaci\u00f3n, a axilidade mental e a <strong>capacidade de cr\u00edtica<\/strong>.<\/li>\n<li>Facer conscientes \u00e1s\/aos participantes das problem\u00e1ticas ambientais e da necesidade de conservaci\u00f3n, fortalecendo ou creando unha <strong>conciencia ambiental<\/strong>.<\/li>\n<li>Educar en desenvolver valores que permitan un cambio de actitude cara unha sociedade m\u00e1is comprometida coa <strong>solidaridade.<\/strong><\/li>\n<li>Incorporar h\u00e1bitos<strong> dunha <\/strong><strong>alimentaci\u00f3n sana e sustentable<\/strong><strong>, transmitindo aos\/\u00e1s participantes a s\u00faa  importancia e repercusi\u00f3ns sociais, mediambientais e econ\u00f3micas.<\/strong><\/li>\n<li>Lograr que os\/as participantes adquiran <strong>actitudes, aptitudes e capacidades<\/strong> tales como psicomotricidade, cooperaci\u00f3n, respecto mutuo, coordinaci\u00f3n, socializaci\u00f3n&#8230;<\/li>\n<\/ul>\n","protected":false},"excerpt":{"rendered":"<p>CAMPAMENTOS DE VER\u00c1N AS CORCERIZAS Ofrece unha boa alternativa e ver\u00e1s cambiar o mundo Proxecto Educativo Obxectivos Educativos Descrici\u00f3n das Instalaci\u00f3ns Equipo T\u00e9cnico Alimentaci\u00f3n Programa de Actividades Os obxectivos e metodolox\u00eda de Amigos da Terra te\u00f1en como referencia \u00e1 Estratexia Galega de Educaci\u00f3n Ambiental, e ax\u00fastanse \u00e1s recomendaci\u00f3ns da Carta de Calidade dos Equipamentos de [&hellip;]<\/p>\n","protected":false},"author":1,"featured_media":0,"parent":328,"menu_order":0,"comment_status":"open","ping_status":"open","template":"","meta":{"jetpack_post_was_ever_published":false,"footnotes":""},"class_list":["post-329","page","type-page","status-publish","hentry"],"jetpack_sharing_enabled":true,"jetpack_shortlink":"https:\/\/wp.me\/P7kmhj-5j","_links":{"self":[{"href":"http:\/\/ascorcerizas.com\/central\/060126wp\/wp\/index.php?rest_route=\/wp\/v2\/pages\/329","targetHints":{"allow":["GET"]}}],"collection":[{"href":"http:\/\/ascorcerizas.com\/central\/060126wp\/wp\/index.php?rest_route=\/wp\/v2\/pages"}],"about":[{"href":"http:\/\/ascorcerizas.com\/central\/060126wp\/wp\/index.php?rest_route=\/wp\/v2\/types\/page"}],"author":[{"embeddable":true,"href":"http:\/\/ascorcerizas.com\/central\/060126wp\/wp\/index.php?rest_route=\/wp\/v2\/users\/1"}],"replies":[{"embeddable":true,"href":"http:\/\/ascorcerizas.com\/central\/060126wp\/wp\/index.php?rest_route=%2Fwp%2Fv2%2Fcomments&post=329"}],"version-history":[{"count":0,"href":"http:\/\/ascorcerizas.com\/central\/060126wp\/wp\/index.php?rest_route=\/wp\/v2\/pages\/329\/revisions"}],"up":[{"embeddable":true,"href":"http:\/\/ascorcerizas.com\/central\/060126wp\/wp\/index.php?rest_route=\/wp\/v2\/pages\/328"}],"wp:attachment":[{"href":"http:\/\/ascorcerizas.com\/central\/060126wp\/wp\/index.php?rest_route=%2Fwp%2Fv2%2Fmedia&parent=329"}],"curies":[{"name":"wp","href":"https:\/\/api.w.org\/{rel}","templated":true}]}}