{"id":304,"date":"2007-12-10T12:46:50","date_gmt":"2007-12-10T11:46:50","guid":{"rendered":"http:\/\/www.ascorcerizas.com\/central\/060126wp\/wp\/?page_id=304"},"modified":"2007-12-10T15:15:58","modified_gmt":"2007-12-10T14:15:58","slug":"programa-de-educacion-ambiental-para-escolares-aplicacion-de-metodoloxias-cientificas-para-a-conservacion-do-medio-natural","status":"publish","type":"page","link":"http:\/\/ascorcerizas.com\/central\/060126wp\/wp\/?page_id=304","title":{"rendered":"Aplicaci\u00f3n de Metodolox\u00edas Cient\u00edficas para a Conservaci\u00f3n do Medio Natural"},"content":{"rendered":"<p>Programa de educaci\u00f3n ambiental para escolares:<br \/>\n<strong>PROGRAMA 2008<\/strong><\/p>\n<p>A Asociaci\u00f3n <strong><a href=\"http:\/\/amigosdaterra.net\/\" target=\"_blank\" title=\"Amigos da Terra\">Amigos da Terra<\/a><\/strong> e a <strong><a href=\"http:\/\/www.dxid.org\/\">Direcci\u00f3n Xeral de I+D+I<\/a><\/strong> conv\u00eddavos a participar no Programa Escolar de Educaci\u00f3n Ambiental <strong>Aplicaci\u00f3n de Metodolox\u00edas Cient\u00edficas para a Conservaci\u00f3n do Medio Natural.<\/strong><\/p>\n<p>Grazas \u00e1 investigaci\u00f3n e ao desevolvemento, podemos aplicar novos co\u00f1ecementos cient\u00edficos en diversidade de eidos. Unha aplicaci\u00f3n de grande importancia, dado o crecente estado de deterioro do medio, \u00e9 a utilizaci\u00f3n da base cient\u00edfica para a conservaci\u00f3n do mesmo a trav\u00e9s do seu co\u00f1ecemento.<\/p>\n<blockquote><p><img decoding=\"async\" src=\"http:\/\/www.ascorcerizas.com\/central\/060126wp\/wp\/wp-content\/uploads\/2007\/12\/metodoloxia_cientifica_web.jpg\" alt=\"Metodolox\u00eda Cient\u00edfica en San Mamede\" \/><\/p><\/blockquote>\n<p>A nosa proposta pretende achegar as pr\u00e1cticas e co\u00f1ecementos cient\u00edficos, moitas veces relegados a un sector reducido, \u00e1 nosa vida coti\u00e1.<\/p>\n<p>Unha f\u00f3rmula atractiva e diferente de espertar a nosa curiosidade, \u00e9 mostrar de xeito pr\u00e1ctico e vivencial o aspecto emp\u00edrico da ciencia en plena natureza.<\/p>\n<p>O programa estar\u00e1 en funcionamento desde <u>Abril ata Xu\u00f1o<\/u>, dirixido a Centros escolares de toda Galiza.<\/p>\n<p><strong>Horario:<\/strong> chegada ao Centro \u00e1s 11:00h; sa\u00edda \u00e1s 17:00h<br \/>\n<strong>Destinatarios\/as:<\/strong> a partir de 6\u00ba de Primaria<br \/>\n<strong>N\u00ba de participantes por xornada:<\/strong> 40<\/p>\n<p>Xantar e transporte por conta dos\/as participantes.<\/p>\n<p><strong>[<a href=\"?page_id=305\">Obxectivos e Programa ampliado<\/a>]<\/strong><\/p>\n<p><img decoding=\"async\" src=\"http:\/\/ascorcerizas.com\/central\/060126wp\/wp\/wp-content\/themes\/ascorcerizas\/images\/indica_v01_inter.gif\" \/><strong> Ficha de inscrici\u00f3n: <a href=\"http:\/\/www.ascorcerizas.com\/central\/060126wp\/wp\/wp-content\/uploads\/2007\/12\/inscricion_ciencia_08.doc\" title=\"Ficha de inscrici\u00f3n DOC\" target=\"_blank\">Formato WORD<\/a> \/ <a href=\"http:\/\/www.ascorcerizas.com\/central\/060126wp\/wp\/wp-content\/uploads\/2007\/12\/inscricion_ciencia_08.pdf\" title=\"Ficha de inscrici\u00f3n PDF\" target=\"_blank\">Formato PDF<\/a><\/strong><br \/>\nActividade gratu\u00edta subvencionada pola Conseller\u00eda de Innovaci\u00f3n e Industria, Direcci\u00f3n Xeral de Investigaci\u00f3n, Desenvolvemento e Innovaci\u00f3n.<\/p>\n<p><img decoding=\"async\" src=\"http:\/\/www.ascorcerizas.com\/central\/060126wp\/wp\/wp-content\/uploads\/2006\/10\/logo_dxidi1.gif\" alt=\"dxidi\" \/><\/p>\n<p><a href=\"http:\/\/www.dxid.org\/\" title=\"Direcci\u00f3n Xeral de Investigaci\u00f3n, Desenvolvemento e Innovaci\u00f3n\"><strong>Direcci\u00f3n Xeral de Investigaci\u00f3n, Desenvolvemento e Innovaci\u00f3n<\/strong><\/a><\/p>\n","protected":false},"excerpt":{"rendered":"<p>Programa de educaci\u00f3n ambiental para escolares: PROGRAMA 2008 A Asociaci\u00f3n Amigos da Terra e a Direcci\u00f3n Xeral de I+D+I conv\u00eddavos a participar no Programa Escolar de Educaci\u00f3n Ambiental Aplicaci\u00f3n de Metodolox\u00edas Cient\u00edficas para a Conservaci\u00f3n do Medio Natural. Grazas \u00e1 investigaci\u00f3n e ao desevolvemento, podemos aplicar novos co\u00f1ecementos cient\u00edficos en diversidade de eidos. Unha aplicaci\u00f3n [&hellip;]<\/p>\n","protected":false},"author":1,"featured_media":0,"parent":236,"menu_order":0,"comment_status":"open","ping_status":"open","template":"","meta":{"jetpack_post_was_ever_published":false,"footnotes":""},"class_list":["post-304","page","type-page","status-publish","hentry"],"jetpack_sharing_enabled":true,"jetpack_shortlink":"https:\/\/wp.me\/P7kmhj-4U","_links":{"self":[{"href":"http:\/\/ascorcerizas.com\/central\/060126wp\/wp\/index.php?rest_route=\/wp\/v2\/pages\/304","targetHints":{"allow":["GET"]}}],"collection":[{"href":"http:\/\/ascorcerizas.com\/central\/060126wp\/wp\/index.php?rest_route=\/wp\/v2\/pages"}],"about":[{"href":"http:\/\/ascorcerizas.com\/central\/060126wp\/wp\/index.php?rest_route=\/wp\/v2\/types\/page"}],"author":[{"embeddable":true,"href":"http:\/\/ascorcerizas.com\/central\/060126wp\/wp\/index.php?rest_route=\/wp\/v2\/users\/1"}],"replies":[{"embeddable":true,"href":"http:\/\/ascorcerizas.com\/central\/060126wp\/wp\/index.php?rest_route=%2Fwp%2Fv2%2Fcomments&post=304"}],"version-history":[{"count":0,"href":"http:\/\/ascorcerizas.com\/central\/060126wp\/wp\/index.php?rest_route=\/wp\/v2\/pages\/304\/revisions"}],"up":[{"embeddable":true,"href":"http:\/\/ascorcerizas.com\/central\/060126wp\/wp\/index.php?rest_route=\/wp\/v2\/pages\/236"}],"wp:attachment":[{"href":"http:\/\/ascorcerizas.com\/central\/060126wp\/wp\/index.php?rest_route=%2Fwp%2Fv2%2Fmedia&parent=304"}],"curies":[{"name":"wp","href":"https:\/\/api.w.org\/{rel}","templated":true}]}}