{"id":257,"date":"2007-10-01T12:21:14","date_gmt":"2007-10-01T11:21:14","guid":{"rendered":"http:\/\/www.ascorcerizas.com\/central\/060126wp\/wp\/?page_id=257"},"modified":"2007-11-16T16:23:45","modified_gmt":"2007-11-16T15:23:45","slug":"curso-rastros-e-sinais-da-fauna","status":"publish","type":"page","link":"http:\/\/ascorcerizas.com\/central\/060126wp\/wp\/?page_id=257","title":{"rendered":"Xornada de Rastros e Sinais da Fauna"},"content":{"rendered":"<p>A <a target=\"_blank\" title=\"dxid\" href=\"http:\/\/www.dxid.org\/\">Direcci\u00f3n Xeral de Investigaci\u00f3n, Desenvolvemento e Innovaci\u00f3n<\/a>, organiza dentro do Programa de Comunicaci\u00f3n e Sensibilizaci\u00f3n Social do Plan Galego de I+D+i 2006-2010 (IN.CI.TE), a <strong>s\u00e9tima edici\u00f3n da Semana da Ciencia en Galicia<\/strong> no marco da Semana Europea da Ciencia e da Semana estatal.<\/p>\n<p><a title=\"Amigos da Terra\" target=\"_blank\" href=\"http:\/\/www.amigosdaterra.net\">Amigos da Terra<\/a> participa un ano m\u00e1is neste programa, cunha atractiva xornada sobre rastros e sinais da fauna.<\/p>\n<div align=\"left\">\n<table>\n<tr>\n<td><img decoding=\"async\" vspace=\"2\" hspace=\"10\" align=\"left\" alt=\"cornamenta_cervo.jpg\" id=\"image279\" src=\"http:\/\/www.ascorcerizas.com\/central\/060126wp\/wp\/wp-content\/uploads\/2007\/11\/cornamenta_cervo.jpg\" \/><\/td>\n<\/tr>\n<tr>\n<td class=\"letra-pequena\">Autor da Fotografia:<\/p>\n<div align=\"left\"><strong>Juan Ignacio D\u00edaz da Silva<\/strong><\/div>\n<\/td>\n<\/tr>\n<\/table>\n<\/div>\n<p>Con esta actividade, darase a co\u00f1ecer, de xeito pr\u00e1ctico e coa axuda de fotograf\u00edas de restos, pegadas e escenarios, a cantidade de indicios que deixan os animais, abrindo unha porta a todas aquelas persoas que desexen <strong>co\u00f1ecer a natureza doutra forma distinta<\/strong>.<\/p>\n<div align=\"right\">\n<table>\n<tr>\n<td><img decoding=\"async\" vspace=\"2\" hspace=\"10\" align=\"left\" alt=\"pegadas_NUTRIA.jpg\" id=\"image261\" src=\"http:\/\/www.ascorcerizas.com\/central\/060126wp\/wp\/wp-content\/uploads\/2007\/10\/pegadas_NUTRIA.jpg\" \/><\/td>\n<\/tr>\n<tr>\n<td class=\"letra-pequena\">Autor da Fotografia:<\/p>\n<div align=\"left\"><strong>Juan Ignacio D\u00edaz da Silva<\/strong><\/div>\n<\/td>\n<\/tr>\n<\/table>\n<\/div>\n<p>Para a realizaci\u00f3n da xornada, conteremos coa colaboraci\u00f3n de <strong>Juan Ignacio D\u00edaz da Silva<\/strong>, especialista na materia e coordinador do Museo da Natureza da<strong> <a target=\"_blank\" title=\"Sociedade Galega de Historia Natural\" href=\"http:\/\/www.arrakis.es\/%7Ealcrique\/sghn.htm\">Sociedade Galega de Historia Natural<\/a><\/strong>.<\/p>\n<p><strong><u>Programa da Xornada 11 de Novembro de 2007:<\/u><\/strong><\/p>\n<ul>\n<li>11.30 \u2013 13:30: Metodolox\u00eda cient\u00edfica<\/li>\n<li>13:30 \u2013 14:30: Xantar (por conta dos\/as participantes)<\/li>\n<li>14:30 \u2013 15:30: Obradoiro de procedemento <em>in situ<\/em><\/li>\n<li>15:30 \u2013 17:30: Saida de campo practica e&#8230; magosto<\/li>\n<\/ul>\n<p>Se ademais queredes aproveitar a fin de semana na Serra San Mamede, Amigos da Terra, ofrece servizo de albergue o s\u00e1bado pola noite co almorzo do domingo.<\/p>\n<ul>\n<li>Prezo do servizo de albergue: 10 euros por persoa<\/li>\n<li>Prezo do almorzo: 2.5 euros por persoa<\/li>\n<\/ul>\n<p>A Xornada de Rastros e Sinais \u00e9 <strong>gratuita<\/strong>.<\/p>\n<p>Para participar env\u00eda a ficha de inscrici\u00f3n a:  info@ascorcerizas.com.<\/p>\n<p>As prazas son limitadas!!<\/p>\n<p><img decoding=\"async\" src=\"http:\/\/ascorcerizas.com\/central\/060126wp\/wp\/wp-content\/themes\/ascorcerizas\/images\/indica_v01_inter.gif\" \/><strong> Ficha de inscrici\u00f3n:<\/strong> <a target=\"_blank\" title=\"Ficha de Inscrici\u00f3n\" href=\"http:\/\/www.ascorcerizas.com\/central\/060126wp\/wp\/wp-content\/uploads\/2007\/10\/Ficha_rastros-e-sinais-da-fauna.doc\">Formato Word<\/a> | <a target=\"_blank\" title=\"Ficha de Inscrici\u00f3n\" href=\"http:\/\/www.ascorcerizas.com\/central\/060126wp\/wp\/wp-content\/uploads\/2007\/10\/Ficha_rastros-e-sinais-da-fauna.pdf\">Formato PDF<\/a><\/p>\n<ul><strong>Organiza:<\/strong><\/p>\n<p style=\"text-align: left\"><a title=\"Amigos da Terra\" target=\"_blank\" href=\"http:\/\/www.amigosdaterra.net\"><img decoding=\"async\" border=\"0\" id=\"image260\" alt=\"Logotipo_Amigos-da-Terra_200.png\" src=\"http:\/\/www.ascorcerizas.com\/central\/060126wp\/wp\/wp-content\/uploads\/2007\/10\/Logotipo_Amigos-da-Terra_200.png\" \/><\/a><\/p>\n<p><strong>Colabora:<\/strong><\/p>\n<p style=\"text-align: left\"><a title=\"Sociedade Galega de Historia Natural\" target=\"_blank\" href=\"http:\/\/www.arrakis.es\/%7Ealcrique\/sghn.htm\"><img decoding=\"async\" border=\"0\" alt=\"Logotipo_sghn_150.png\" id=\"image258\" src=\"http:\/\/www.ascorcerizas.com\/central\/060126wp\/wp\/wp-content\/uploads\/2007\/10\/Logotipo_sghn_150.png\" \/><\/a><\/p>\n<p><strong>Apoia:<\/strong><\/p>\n<p><a target=\"_blank\" title=\"semana da ciencia 2007\" href=\"http:\/\/www.semanadaciencia.org\/\"><img decoding=\"async\" alt=\"logotipos_semana-ciencia-2007.png\" id=\"image267\" src=\"http:\/\/www.ascorcerizas.com\/central\/060126wp\/wp\/wp-content\/uploads\/2007\/10\/logotipos_semana-ciencia-2007.png\" \/><\/a><\/ul>\n<p>[<a href=\"http:\/\/amigosdaterra.net\/cmn-album\/main.php?g2_itemId=16927\">Fotograf\u00edas da Actividade<\/a>]<\/p>\n","protected":false},"excerpt":{"rendered":"<p>A Direcci\u00f3n Xeral de Investigaci\u00f3n, Desenvolvemento e Innovaci\u00f3n, organiza dentro do Programa de Comunicaci\u00f3n e Sensibilizaci\u00f3n Social do Plan Galego de I+D+i 2006-2010 (IN.CI.TE), a s\u00e9tima edici\u00f3n da Semana da Ciencia en Galicia no marco da Semana Europea da Ciencia e da Semana estatal. Amigos da Terra participa un ano m\u00e1is neste programa, cunha atractiva [&hellip;]<\/p>\n","protected":false},"author":1,"featured_media":0,"parent":236,"menu_order":0,"comment_status":"open","ping_status":"open","template":"","meta":{"jetpack_post_was_ever_published":false,"footnotes":""},"class_list":["post-257","page","type-page","status-publish","hentry"],"jetpack_sharing_enabled":true,"jetpack_shortlink":"https:\/\/wp.me\/P7kmhj-49","_links":{"self":[{"href":"http:\/\/ascorcerizas.com\/central\/060126wp\/wp\/index.php?rest_route=\/wp\/v2\/pages\/257","targetHints":{"allow":["GET"]}}],"collection":[{"href":"http:\/\/ascorcerizas.com\/central\/060126wp\/wp\/index.php?rest_route=\/wp\/v2\/pages"}],"about":[{"href":"http:\/\/ascorcerizas.com\/central\/060126wp\/wp\/index.php?rest_route=\/wp\/v2\/types\/page"}],"author":[{"embeddable":true,"href":"http:\/\/ascorcerizas.com\/central\/060126wp\/wp\/index.php?rest_route=\/wp\/v2\/users\/1"}],"replies":[{"embeddable":true,"href":"http:\/\/ascorcerizas.com\/central\/060126wp\/wp\/index.php?rest_route=%2Fwp%2Fv2%2Fcomments&post=257"}],"version-history":[{"count":0,"href":"http:\/\/ascorcerizas.com\/central\/060126wp\/wp\/index.php?rest_route=\/wp\/v2\/pages\/257\/revisions"}],"up":[{"embeddable":true,"href":"http:\/\/ascorcerizas.com\/central\/060126wp\/wp\/index.php?rest_route=\/wp\/v2\/pages\/236"}],"wp:attachment":[{"href":"http:\/\/ascorcerizas.com\/central\/060126wp\/wp\/index.php?rest_route=%2Fwp%2Fv2%2Fmedia&parent=257"}],"curies":[{"name":"wp","href":"https:\/\/api.w.org\/{rel}","templated":true}]}}