{"id":237,"date":"2007-09-20T17:01:05","date_gmt":"2007-09-20T16:01:05","guid":{"rendered":"http:\/\/www.ascorcerizas.com\/central\/060126wp\/wp\/?page_id=237"},"modified":"2007-09-24T11:24:19","modified_gmt":"2007-09-24T10:24:19","slug":"a","status":"publish","type":"page","link":"http:\/\/ascorcerizas.com\/central\/060126wp\/wp\/?page_id=237","title":{"rendered":"Programa de educaci\u00f3n ambiental para escolares: Sentir, Co\u00f1ecer, Actuar"},"content":{"rendered":"<p><strong>PROGRAMA 2007-2008<\/strong><\/p>\n<p>A Asociaci\u00f3n <strong><a title=\"Amigos da Terra\" target=\"_blank\" href=\"http:\/\/amigosdaterra.net\/\">Amigos da Terra<\/a><\/strong> e a <strong>Delegaci\u00f3n Provincial de Ourense da Conseller\u00eda de Medio Ambiente e Desenvolvemento Sostible<\/strong> conv\u00eddavos a participar no Programa Escolar de Educaci\u00f3n Ambiental <strong>Sentir, Co\u00f1ecer, Actuar<\/strong>.<\/p>\n<blockquote><p><strong>Sinte<\/strong> o teu entorno multisensorial<br \/>\n<strong> Co\u00f1ece<\/strong> os seus beneficios e as repercusi\u00f3ns das nosas actuaci\u00f3ns<br \/>\n<strong> Act\u00faa<\/strong> de xeito cooperativo para a s\u00faa conservaci\u00f3n<\/p><\/blockquote>\n<p>O programa estar\u00e1 en funcionamento desde <u>Marzo ata Xu\u00f1o<\/u>, ofert\u00e1ndose unha actividade semanal para Centros escolares da provincia de Ourense.<\/p>\n<blockquote><p><strong> Horario:<\/strong> chegada ao Centro \u00e1s 11:00h; sa\u00edda \u00e1s 17:00h<br \/>\nN\u00ba de participantes por xornada: 40 [M\u00fasica e Medio Ambiente 30]<br \/>\nXantar e transporte por conta dos\/as participantes<\/p><\/blockquote>\n<p><strong>Propostas de diferentes xornadas tem\u00e1ticas:<\/strong><\/p>\n<ul>\n<li><a title=\"A M\u00fasica das Monta\u00f1as Galegas\" href=\"http:\/\/www.ascorcerizas.com\/central\/060126wp\/wp\/?page_id=238\">M\u00fasica e Medio Ambiente: <strong>A M\u00fasica das Monta\u00f1as Galegas<\/strong><\/a><\/li>\n<li><a title=\"Unha Aposta contra o Cambio Clim\u00e1tico\" href=\"http:\/\/www.ascorcerizas.com\/central\/060126wp\/wp\/?page_id=242\">Unha Aposta <strong>contra o Cambio Clim\u00e1tico<\/strong><\/a><\/li>\n<li><a title=\"Roteiros Interpretativos Ambientais e Actividades Etnogr\u00e1ficas\" href=\"http:\/\/www.ascorcerizas.com\/central\/060126wp\/wp\/?page_id=243\"><strong>Roteiros Interpretativos<\/strong> Ambientais e <strong>Actividades Etnogr\u00e1ficas<\/strong><\/a><\/li>\n<li><a title=\"Medio Ambiente e Cooperaci\u00f3n ao Desenvolvemento\" href=\"http:\/\/www.ascorcerizas.com\/central\/060126wp\/wp\/?page_id=244\">Medio Ambiente e <strong>Cooperaci\u00f3n ao Desenvolvemento<\/strong><\/a><\/li>\n<li><a title=\"Programa para escolas rurais unitarias: o valor dos nosos recursos\" href=\"http:\/\/www.ascorcerizas.com\/central\/060126wp\/wp\/?page_id=239\">Programa para escolas rurais unitarias: <strong>O valor dos nosos recursos<\/strong><\/a><\/li>\n<\/ul>\n<p><strong><img decoding=\"async\" src=\"http:\/\/ascorcerizas.com\/central\/060126wp\/wp\/wp-content\/themes\/ascorcerizas\/images\/indica_v01_inter.gif\" \/> Ficha de inscrici\u00f3n: <\/strong><a target=\"_blank\" title=\"Ficha de inscrici\u00f3n\" href=\"http:\/\/www.ascorcerizas.com\/central\/060126wp\/wp\/wp-content\/uploads\/2007\/09\/inscricion_sca_07-08.doc\">Formato WORD<\/a> | <a target=\"_blank\" title=\"Ficha de inscrici\u00f3n\" href=\"http:\/\/www.ascorcerizas.com\/central\/060126wp\/wp\/wp-content\/uploads\/2007\/09\/inscricion_sca_07-08.pdf\">Formato PDF<\/a><br \/>\nActividade gratuita subvencionada pola Conseller\u00eda de Medio Ambiente e Desenvolvemento Sostible &#8211; Delegaci\u00f3n Provincial de Ourense:<a target=\"_blank\" title=\"Conseller\u00eda de Medio Ambiente e Desenvolvemento Sostible\" href=\"http:\/\/medioambiente.xunta.es\/\"><img decoding=\"async\" border=\"0\" align=\"right\" id=\"image170\" alt=\"Conseller\u00ed\u00ada de Medio Ambiente e Desenvolvemento Sostible\" src=\"http:\/\/www.ascorcerizas.com\/central\/060126wp\/wp\/wp-content\/uploads\/2007\/03\/ma-an.png\" \/><\/a><\/p>\n","protected":false},"excerpt":{"rendered":"<p>PROGRAMA 2007-2008 A Asociaci\u00f3n Amigos da Terra e a Delegaci\u00f3n Provincial de Ourense da Conseller\u00eda de Medio Ambiente e Desenvolvemento Sostible conv\u00eddavos a participar no Programa Escolar de Educaci\u00f3n Ambiental Sentir, Co\u00f1ecer, Actuar. Sinte o teu entorno multisensorial Co\u00f1ece os seus beneficios e as repercusi\u00f3ns das nosas actuaci\u00f3ns Act\u00faa de xeito cooperativo para a s\u00faa [&hellip;]<\/p>\n","protected":false},"author":1,"featured_media":0,"parent":236,"menu_order":0,"comment_status":"open","ping_status":"open","template":"","meta":{"jetpack_post_was_ever_published":false,"footnotes":""},"class_list":["post-237","page","type-page","status-publish","hentry"],"jetpack_sharing_enabled":true,"jetpack_shortlink":"https:\/\/wp.me\/P7kmhj-3P","_links":{"self":[{"href":"http:\/\/ascorcerizas.com\/central\/060126wp\/wp\/index.php?rest_route=\/wp\/v2\/pages\/237","targetHints":{"allow":["GET"]}}],"collection":[{"href":"http:\/\/ascorcerizas.com\/central\/060126wp\/wp\/index.php?rest_route=\/wp\/v2\/pages"}],"about":[{"href":"http:\/\/ascorcerizas.com\/central\/060126wp\/wp\/index.php?rest_route=\/wp\/v2\/types\/page"}],"author":[{"embeddable":true,"href":"http:\/\/ascorcerizas.com\/central\/060126wp\/wp\/index.php?rest_route=\/wp\/v2\/users\/1"}],"replies":[{"embeddable":true,"href":"http:\/\/ascorcerizas.com\/central\/060126wp\/wp\/index.php?rest_route=%2Fwp%2Fv2%2Fcomments&post=237"}],"version-history":[{"count":0,"href":"http:\/\/ascorcerizas.com\/central\/060126wp\/wp\/index.php?rest_route=\/wp\/v2\/pages\/237\/revisions"}],"up":[{"embeddable":true,"href":"http:\/\/ascorcerizas.com\/central\/060126wp\/wp\/index.php?rest_route=\/wp\/v2\/pages\/236"}],"wp:attachment":[{"href":"http:\/\/ascorcerizas.com\/central\/060126wp\/wp\/index.php?rest_route=%2Fwp%2Fv2%2Fmedia&parent=237"}],"curies":[{"name":"wp","href":"https:\/\/api.w.org\/{rel}","templated":true}]}}