{"id":224,"date":"2007-06-21T09:00:02","date_gmt":"2007-06-21T08:00:02","guid":{"rendered":"http:\/\/www.ascorcerizas.com\/central\/060126wp\/wp\/?page_id=224"},"modified":"2007-06-21T11:04:45","modified_gmt":"2007-06-21T10:04:45","slug":"campamentos-de-veran-2007","status":"publish","type":"page","link":"http:\/\/ascorcerizas.com\/central\/060126wp\/wp\/?page_id=224","title":{"rendered":"Campamentos de Ver\u00e1n 2007"},"content":{"rendered":"<p><strong>Ofrece unha boa alternativa e ver\u00e1s cambiar o mundo<\/strong><br \/>\nO proxecto educativo que desenvolve <strong><a title=\"Amigos da Terra\" href=\"http:\/\/amigosdaterra.net\/\">Amigos da Terra<\/a><\/strong> en As Corcerizas, \u00e9 unha aposta seria e contrastada por unha Educaci\u00f3n Ambiental de calidade, comprometida, cr\u00edtica, activa, participativa, aberta e plural, non soamente en base a aportar informaci\u00f3n sen\u00f3n tam\u00e9n, e sobre todo, a proporcionar experiencias directas e persoais que impliquen aos e \u00e1s participantes na problem\u00e1tica ambiental e que se traduzan en comportamentos e actitudes responsables para ser parte da s\u00faa soluci\u00f3n, na busca dunha sociedade baseada nos principios da sostibilidade.<\/p>\n<p>Este proxecto pres\u00e9ntase como unha aposta, \u00fanica en Galicia, por ser un equipamento de Educaci\u00f3n Ambiental vangardista na procura pr\u00e1ctica e tanxible dunha nova cultura da sostibilidade na relaci\u00f3n da humanidade co seu contorno. Dende a mesma coherencia ambiental na concepci\u00f3n do equipamento at\u00e9 a proposta das actividades educativas que nel se desenvolven, am\u00f3sase un compromiso firme por facer realidade as m\u00e1is avanzadas recomendaci\u00f3ns das novas li\u00f1as metodol\u00f3xicas da intervenci\u00f3n educativa.<\/p>\n<p><img decoding=\"async\" alt=\"Campamentos de Ver\u00e1n 2007\" src=\"http:\/\/www.ascorcerizas.com\/central\/060126wp\/wp\/wp-content\/images_2006\/foto_campamentos-01.jpg\" \/><\/p>\n<p><strong>OBXECTIVOS<\/strong><br \/>\nOs obxectivos e metodolox\u00eda de Amigos da Terra te\u00f1en como referencia \u00e1 Estratexia Galega de Educaci\u00f3n Ambiental, e ax\u00fastanse \u00e1s recomendaci\u00f3ns da Carta de Calidade dos Equipamentos de Educaci\u00f3n Ambiental.<\/p>\n<p>Ao longo do Campamento, desenvolveranse as actividades de achegamento \u00e1 natureza cun dobre car\u00e1cter: de serio compromiso \u00e9tico e cunha metodolox\u00eda l\u00fadica e motivadora; proporcionando unha educaci\u00f3n e informaci\u00f3n de calidade, veraz e adecuada ao grupo.<\/p>\n<p>Os obxectivos, presentes no desenvolvemento de todas as actividades, son:<\/p>\n<ul>\n<li>Descubrir, co\u00f1ecer e comprender as interaci\u00f3ns entre humanidade e medio, baseadas nos principios de sostibilidade.<\/li>\n<\/ul>\n<ul>\n<li>Chegar a tomar conciencia da importancia do medio ambiente na vida coti\u00e1 e valorar  a transcendencia da mellora do entorno polas xeraci\u00f3ns futuras, para mellorar a calidade de vida.<\/li>\n<\/ul>\n<ul>\n<li>Espertar a curiosidade das\/dos participantes mediante comprobaci\u00f3ns emp\u00edricas; potenciando a imaxinaci\u00f3n, a axilidade mental e a capacidade de cr\u00edtica.<\/li>\n<\/ul>\n<ul>\n<li>Facer conscientes \u00e1s\/aos participantes das problem\u00e1ticas ambientais e da necesidade de conservaci\u00f3n, fortalecendo ou creando unha conciencia ambiental.<\/li>\n<\/ul>\n<ul>\n<li>Educar en desenvolver valores que permitan un cambio de actitude cara unha sociedade m\u00e1is comprometida coa solidaridade.<\/li>\n<\/ul>\n<ul>\n<li>Incorporar h\u00e1bitos dunha alimentaci\u00f3n sana e sustentable, transmitindo aos\/\u00e1s participantes a s\u00faa  importancia e repercusi\u00f3ns sociais, mediambientais e econ\u00f3micas.<\/li>\n<\/ul>\n<ul>\n<li>Lograr que os\/as participantes adquiran actitudes, aptitudes e capacidades tales como psicomotricidade, cooperaci\u00f3n, respecto mutuo, coordinaci\u00f3n, socializaci\u00f3n&#8230;<\/li>\n<\/ul>\n<p><strong>EQUIPO T\u00c9CNICO<\/strong><br \/>\nAmigos da Terra conta cun equipo con ampla experiencia e cualificaci\u00f3n. A s\u00faa longa traxectoria en temas de educaci\u00f3n, formaci\u00f3n, animaci\u00f3n e divulgaci\u00f3n, aportan a confianza necesaria que garante un campamento de alta calidade; onde os\/as participantes adquirir\u00e1n co\u00f1ecementos e actitudes de xeito informal, que os capacitar\u00e1n para vivir con coherencia e respecto nunha sociedade de futuro.<\/p>\n<p>Tomando como referencia o Decreto 50\/2000, as nosas actividades desenvolveranse cun ratio de 1 monitor\/a por cada 10-12 participantes, un\/unha director\/a e, un\/unha socorrista titulado\/a cando a actividade o requira. Cumprindo coas esixencias legais o equipo educativo est\u00e1 constitu\u00eddo por persoal titulado, acreditando formaci\u00f3n en materia de medio ambiente, educaci\u00f3n e ocio e tempo libre; contando cunha ampla experiencia en campamentos, campos de traballo, actividades extraescolares, educaci\u00f3n ambiental, etc.<\/p>\n<p><strong>ALIMENTACI\u00d3N<\/strong><br \/>\nSeguindo a pol\u00edtica de sostibilidade que caracteriza ao Centro, as comidas ser\u00e1n preparadas, na medida do posible, con alimentos procedentes da agricultura ecol\u00f3xica local e comercio xusto. Deste xeito, a parte de servir coma exemplo e demostraci\u00f3n de viabilidade, favorecerase o desenvolvemento das pequenas explotaci\u00f3ns da zona. Ser\u00e1 por tanto, tal e coma temos comprobado en anteriores campamentos, a mellor ferramenta para sensibilizar e concienciar da necesidade de cambiar os nosos h\u00e1bitos alimenticios para o ben da nosa sa\u00fade, o medio ambiente e a prosperidade do rural galego.<\/p>\n<p><strong>Documentos: <\/strong><\/p>\n<ul>\n<li><a target=\"_blank\" title=\"Campamentos 2007 Santiago\" href=\"http:\/\/www.ascorcerizas.com\/central\/060126wp\/wp\/wp-content\/uploads\/2007\/06\/Campamentos_07_santiago.pdf\">Campamentos de Ver\u00e1n &#8211; CONCELLO DE SANTIAGO<\/a> [PDF] &#8211; <a target=\"_blank\" title=\"Info familias Santiago\" href=\"http:\/\/www.ascorcerizas.com\/central\/060126wp\/wp\/wp-content\/uploads\/2007\/06\/INFO_FAMILIAS_CORCERIZAS.pdf\">Info Familias<\/a><\/li>\n<li><a target=\"_blank\" title=\"Campamentos 2007 Pontevedra\" href=\"http:\/\/www.ascorcerizas.com\/central\/060126wp\/wp\/wp-content\/uploads\/2007\/06\/Campamentos_07_pontevedra.pdf\"> Campamentos de Ver\u00e1n &#8211; CONCELLO DE PONTEVEDRA<\/a> [PDF]<\/li>\n<\/ul>\n","protected":false},"excerpt":{"rendered":"<p>Ofrece unha boa alternativa e ver\u00e1s cambiar o mundo O proxecto educativo que desenvolve Amigos da Terra en As Corcerizas, \u00e9 unha aposta seria e contrastada por unha Educaci\u00f3n Ambiental de calidade, comprometida, cr\u00edtica, activa, participativa, aberta e plural, non soamente en base a aportar informaci\u00f3n sen\u00f3n tam\u00e9n, e sobre todo, a proporcionar experiencias directas [&hellip;]<\/p>\n","protected":false},"author":1,"featured_media":0,"parent":215,"menu_order":0,"comment_status":"open","ping_status":"open","template":"","meta":{"jetpack_post_was_ever_published":false,"footnotes":""},"class_list":["post-224","page","type-page","status-publish","hentry"],"jetpack_sharing_enabled":true,"jetpack_shortlink":"https:\/\/wp.me\/P7kmhj-3C","_links":{"self":[{"href":"http:\/\/ascorcerizas.com\/central\/060126wp\/wp\/index.php?rest_route=\/wp\/v2\/pages\/224","targetHints":{"allow":["GET"]}}],"collection":[{"href":"http:\/\/ascorcerizas.com\/central\/060126wp\/wp\/index.php?rest_route=\/wp\/v2\/pages"}],"about":[{"href":"http:\/\/ascorcerizas.com\/central\/060126wp\/wp\/index.php?rest_route=\/wp\/v2\/types\/page"}],"author":[{"embeddable":true,"href":"http:\/\/ascorcerizas.com\/central\/060126wp\/wp\/index.php?rest_route=\/wp\/v2\/users\/1"}],"replies":[{"embeddable":true,"href":"http:\/\/ascorcerizas.com\/central\/060126wp\/wp\/index.php?rest_route=%2Fwp%2Fv2%2Fcomments&post=224"}],"version-history":[{"count":0,"href":"http:\/\/ascorcerizas.com\/central\/060126wp\/wp\/index.php?rest_route=\/wp\/v2\/pages\/224\/revisions"}],"up":[{"embeddable":true,"href":"http:\/\/ascorcerizas.com\/central\/060126wp\/wp\/index.php?rest_route=\/wp\/v2\/pages\/215"}],"wp:attachment":[{"href":"http:\/\/ascorcerizas.com\/central\/060126wp\/wp\/index.php?rest_route=%2Fwp%2Fv2%2Fmedia&parent=224"}],"curies":[{"name":"wp","href":"https:\/\/api.w.org\/{rel}","templated":true}]}}