{"id":213,"date":"2007-05-24T20:17:45","date_gmt":"2007-05-24T19:17:45","guid":{"rendered":"http:\/\/www.ascorcerizas.com\/central\/060126wp\/wp\/?page_id=213"},"modified":"2007-05-24T20:45:05","modified_gmt":"2007-05-24T19:45:05","slug":"plan-de-formacion-continua-de-monitoresas-e-directoresas-de-tempo-libre","status":"publish","type":"page","link":"http:\/\/ascorcerizas.com\/central\/060126wp\/wp\/?page_id=213","title":{"rendered":"Plan de Formaci\u00f3n Continua de Monitores\/as e Directores\/as de Tempo Libre"},"content":{"rendered":"<p>O <strong>vindeiro S\u00e1bado 21 e Domingo 22 de Abril ter\u00e1 lugar en As Corcerizas o curso de &#8220;Actividades Saudabeis&#8221;<\/strong>. Acci\u00f3n enmarcada dentro do plan de formaci\u00f3n continua de profesionais do tempo libre. (<a id=\"p203\" target=\"_blank\" href=\"http:\/\/www.amigosdaterra.net\/descargas\/documentos\/Formacion_continua_07_monitores_tempo_libre.pdf\">Programa Completo<\/a>)<\/p>\n<p><img decoding=\"async\" align=\"right\" alt=\"Plan_formaci\u00f3n_continua\" id=\"image201\" title=\"Plan_formaci\u00f3n_continua\" src=\"http:\/\/www.amigosdaterra.net\/modules\/typetool\/pnincludes\/uploads\/PlanFormacion_web.jpg\" \/> O Plan de Formaci\u00f3n Continua quere ofrecer aos\/\u00e1s monitores\/as e directores\/as de tempo libre galegos\/as unha posibilidade real e aberta de ampliar e mellorar os seus co\u00f1ecementos e recursos a trav\u00e9s dunha serie de cursos de formaci\u00f3n, actualizaci\u00f3n e perfeccionamento.<\/p>\n<p><strong>CONTIDOS:<\/strong> comportamentos saud\u00e1beis a transmitir por parte dos educadores\/as: h\u00e1bitos de vida saud\u00e1beis, reflexi\u00f3n sobre os t\u00f3picos colectivos err\u00f3neos, criterios de actuaci\u00f3n sobre qu\u00e9 \u00e9 vida saud\u00e1bel e a adquisici\u00f3n de co\u00f1ecementos, aptitudes e ferramentas para planificar a vida saud\u00e1bel nos campamentos.<\/p>\n<p><strong>PRAZAS LIMITADAS:<\/strong> hai 20 prazas para que os partcicipantes interesados se anoten ao Plan desta fin de semana.<\/p>\n<p><strong>PREZO:<\/strong> somentes, 20\u20ac.<\/p>\n<p><strong>AMBITO DE ACTUACI\u00d3N DO PROGRAMA:<\/strong> Abrangue tres seminarios educativos, programaci\u00f3n, lingua e ver\u00e1n e actividades saud\u00e1beis, indispensables para reforzar a vertebraci\u00f3n educativa com\u00fan a todas as acci\u00f3ns de ocio da Campa\u00f1a de Ver\u00e1n.<\/p>\n<p><strong>LEMBRA!<\/strong> Se queres completar a t\u00faa formaci\u00f3n como monitor\/a ou director\/a, asiste esta fin de semana \u00e1s Actividades Saud\u00e1beis que se organizan no Centro de Educaci\u00f3n Ambiental &#8220;As Corcerizas&#8221;, que Amigos da Terra xestiona. Encravado nun entorno natural \u00fanico pertencente \u00e1 Rede Natura e Lugar de Importancia Comunitaria.<\/p>\n<p><strong>INSCRIPCI\u00d3N:<\/strong><br \/>\nChamando xa!<br \/>\nDirecci\u00f3n Xeral de Xuventude e Solidariedade:<strong> 981.544.735<\/strong><br \/>\nDelegaci\u00f3ns provinciais:<\/p>\n<blockquote><p><strong> Pontevedra:<\/strong> 986.817.078<br \/>\n<strong>Ourense:<\/strong> 988.386.118<br \/>\n<strong>Lugo:<\/strong> 982.294.224<br \/>\n<strong>A Coru\u00f1a:<\/strong> 981.226.550<\/p><\/blockquote>\n<p>[<a title=\"Plan de Formaci\u00f3n Continua de Monitores\/as\" href=\"http:\/\/amigosdaterra.net\/cmn-album\/main.php?g2_itemId=11755\">Fotograf\u00edas da Actividade<\/a>]<\/p>\n","protected":false},"excerpt":{"rendered":"<p>O vindeiro S\u00e1bado 21 e Domingo 22 de Abril ter\u00e1 lugar en As Corcerizas o curso de &#8220;Actividades Saudabeis&#8221;. Acci\u00f3n enmarcada dentro do plan de formaci\u00f3n continua de profesionais do tempo libre. (Programa Completo) O Plan de Formaci\u00f3n Continua quere ofrecer aos\/\u00e1s monitores\/as e directores\/as de tempo libre galegos\/as unha posibilidade real e aberta de [&hellip;]<\/p>\n","protected":false},"author":1,"featured_media":0,"parent":215,"menu_order":0,"comment_status":"open","ping_status":"open","template":"","meta":{"jetpack_post_was_ever_published":false,"footnotes":""},"class_list":["post-213","page","type-page","status-publish","hentry"],"jetpack_sharing_enabled":true,"jetpack_shortlink":"https:\/\/wp.me\/P7kmhj-3r","_links":{"self":[{"href":"http:\/\/ascorcerizas.com\/central\/060126wp\/wp\/index.php?rest_route=\/wp\/v2\/pages\/213","targetHints":{"allow":["GET"]}}],"collection":[{"href":"http:\/\/ascorcerizas.com\/central\/060126wp\/wp\/index.php?rest_route=\/wp\/v2\/pages"}],"about":[{"href":"http:\/\/ascorcerizas.com\/central\/060126wp\/wp\/index.php?rest_route=\/wp\/v2\/types\/page"}],"author":[{"embeddable":true,"href":"http:\/\/ascorcerizas.com\/central\/060126wp\/wp\/index.php?rest_route=\/wp\/v2\/users\/1"}],"replies":[{"embeddable":true,"href":"http:\/\/ascorcerizas.com\/central\/060126wp\/wp\/index.php?rest_route=%2Fwp%2Fv2%2Fcomments&post=213"}],"version-history":[{"count":0,"href":"http:\/\/ascorcerizas.com\/central\/060126wp\/wp\/index.php?rest_route=\/wp\/v2\/pages\/213\/revisions"}],"up":[{"embeddable":true,"href":"http:\/\/ascorcerizas.com\/central\/060126wp\/wp\/index.php?rest_route=\/wp\/v2\/pages\/215"}],"wp:attachment":[{"href":"http:\/\/ascorcerizas.com\/central\/060126wp\/wp\/index.php?rest_route=%2Fwp%2Fv2%2Fmedia&parent=213"}],"curies":[{"name":"wp","href":"https:\/\/api.w.org\/{rel}","templated":true}]}}