{"id":211,"date":"2007-05-24T19:56:30","date_gmt":"2007-05-24T18:56:30","guid":{"rendered":"http:\/\/www.ascorcerizas.com\/central\/060126wp\/wp\/?page_id=211"},"modified":"2007-05-25T11:04:03","modified_gmt":"2007-05-25T10:04:03","slug":"ioga-musicoterapia-e-relaxacion-un-espazo-para-o-espertar","status":"publish","type":"page","link":"http:\/\/ascorcerizas.com\/central\/060126wp\/wp\/?page_id=211","title":{"rendered":"Ioga Musicoterapia e Relaxaci\u00f3n. Un espazo para o espertar"},"content":{"rendered":"<table cellspacing=\"8\">\n<tr>\n<td><img decoding=\"async\" hspace=\"10\" align=\"left\" alt=\"ioga\" src=\"http:\/\/www.ascorcerizas.com\/central\/060126wp\/wp\/wp-content\/uploads\/2006\/10\/yoga1.jpg\" \/><\/td>\n<td>Amigos da Terra organiza no Centro de Educaci\u00f3n Ambiental As Corcerizas unha <strong>fin de semana alternativa de descanso e autoco\u00f1ecemento<\/strong> que combinan actividades de  Ioga Musicoterapia e Relaxaci\u00f3n.<\/td>\n<\/tr>\n<\/table>\n<p><strong>UNHA DAS MELLORES PROPOSTAS PARA ADQUIRIR UNS BOS H\u00c1BITOS E EQUILIBRAR OS RITMOS DO CORPO E A MENTE<\/strong><\/p>\n<ul>\n<li><strong>OBRADOIRO DE IOGA<\/strong>: exercicio-respiraci\u00f3n-relaxaci\u00f3n-meditaci\u00f3n<\/li>\n<\/ul>\n<p>Profesores: Javier Mart\u00ednez-Risco Ulloa e Sonia Mato Rodr\u00edguez<br \/>\nImparten clase no Centro Ioga Estudio de Ourense<\/p>\n<ul>\n<li><strong>TERAPIA DO OS\u00cdXENO<\/strong>: T\u00c9CNICAS HIPN\u00d3TICAS E VISUALIZACI\u00d3N<\/li>\n<\/ul>\n<ul>\n<li><strong> ARTE-MUSICO-TERAPIA<\/strong>: COMEZANDO A ESCOITAR O NOSO CORPO<\/li>\n<\/ul>\n<p>Profesoras: Mar\u00eda Mart\u00ednez e Cristina Garc\u00eda.<br \/>\nPsic\u00f3logas e Terapeutas Sist\u00e9micas. Gabinete de Psicolox\u00eda ANDARES,  Vigo.<\/p>\n<ul>\n<li><strong>OBRADOIRO DE RELAXACI\u00d3N E MASAXE POR PARELLAS<\/strong><\/li>\n<\/ul>\n<p>Juan Gabriel Barrado de Pedro.<br \/>\nT\u00e9cnico de Masaxe<\/p>\n<p><img decoding=\"async\" alt=\"serra_sanmamede.jpg\" src=\"http:\/\/www.ascorcerizas.com\/central\/060126wp\/wp\/wp-content\/uploads\/2006\/10\/serra_sanmamede.jpg\" \/><\/p>\n<blockquote><p><strong>DATAS: 28 &#8211; 29 de Outubro<\/strong> (s\u00e1bado e domingo)<br \/>\n<strong>PREZO: 60 euros.<\/strong> Tarifa especial para soci@s.   Universitarios e familiares da Universidade de Vigo 20% de desconto.<\/p><\/blockquote>\n<p>Incl\u00fae <strong>aloxamento<\/strong>, desenvolvemento das actividades en instalaci\u00f3ns de <strong>bioconstruci\u00f3n e arquitectura bioclim\u00e1tica<\/strong>, e manutenci\u00f3n con alimentos procedentes de <strong>agricultura ecol\u00f3xica<\/strong><\/p>\n<p>Prazas limitadas. Data <strong>l\u00edmite de inscripci\u00f3n 23 DE OUTUBRO<\/strong><\/p>\n<p><strong> Reservas e pagamento<\/strong>:<\/p>\n<p><strong>Amigos da Terra<\/strong><br \/>\nCurros Enr\u00edquez 19, 1\u00ba interior &#8211; 32003 Ourense<br \/>\nTlf: <strong>988 374 318<\/strong><br \/>\nFax: 988 511 020<\/p>\n<p>Correo electr\u00f3nico: info[a]ascorcerizas.com<\/p>\n<p>Para confirmar a t\u00faa reserva deber\u00e1s facer o pagamento nas oficinas ou solicitar o n\u00famero de conta da Asociaci\u00f3n por tel\u00e9fono, fax ou correo electr\u00f3nico.<\/p>\n<p>[<a title=\"Ioga e Musicoterapia\" href=\"http:\/\/amigosdaterra.net\/cmn-album\/main.php?g2_itemId=9963\">Fotograf\u00edas da Actividade<\/a>]<\/p>\n","protected":false},"excerpt":{"rendered":"<p>Amigos da Terra organiza no Centro de Educaci\u00f3n Ambiental As Corcerizas unha fin de semana alternativa de descanso e autoco\u00f1ecemento que combinan actividades de Ioga Musicoterapia e Relaxaci\u00f3n. UNHA DAS MELLORES PROPOSTAS PARA ADQUIRIR UNS BOS H\u00c1BITOS E EQUILIBRAR OS RITMOS DO CORPO E A MENTE OBRADOIRO DE IOGA: exercicio-respiraci\u00f3n-relaxaci\u00f3n-meditaci\u00f3n Profesores: Javier Mart\u00ednez-Risco Ulloa e [&hellip;]<\/p>\n","protected":false},"author":1,"featured_media":0,"parent":215,"menu_order":0,"comment_status":"open","ping_status":"open","template":"","meta":{"jetpack_post_was_ever_published":false,"footnotes":""},"class_list":["post-211","page","type-page","status-publish","hentry"],"jetpack_sharing_enabled":true,"jetpack_shortlink":"https:\/\/wp.me\/P7kmhj-3p","_links":{"self":[{"href":"http:\/\/ascorcerizas.com\/central\/060126wp\/wp\/index.php?rest_route=\/wp\/v2\/pages\/211","targetHints":{"allow":["GET"]}}],"collection":[{"href":"http:\/\/ascorcerizas.com\/central\/060126wp\/wp\/index.php?rest_route=\/wp\/v2\/pages"}],"about":[{"href":"http:\/\/ascorcerizas.com\/central\/060126wp\/wp\/index.php?rest_route=\/wp\/v2\/types\/page"}],"author":[{"embeddable":true,"href":"http:\/\/ascorcerizas.com\/central\/060126wp\/wp\/index.php?rest_route=\/wp\/v2\/users\/1"}],"replies":[{"embeddable":true,"href":"http:\/\/ascorcerizas.com\/central\/060126wp\/wp\/index.php?rest_route=%2Fwp%2Fv2%2Fcomments&post=211"}],"version-history":[{"count":0,"href":"http:\/\/ascorcerizas.com\/central\/060126wp\/wp\/index.php?rest_route=\/wp\/v2\/pages\/211\/revisions"}],"up":[{"embeddable":true,"href":"http:\/\/ascorcerizas.com\/central\/060126wp\/wp\/index.php?rest_route=\/wp\/v2\/pages\/215"}],"wp:attachment":[{"href":"http:\/\/ascorcerizas.com\/central\/060126wp\/wp\/index.php?rest_route=%2Fwp%2Fv2%2Fmedia&parent=211"}],"curies":[{"name":"wp","href":"https:\/\/api.w.org\/{rel}","templated":true}]}}