{"id":180,"date":"2007-04-05T12:27:37","date_gmt":"2007-04-05T11:27:37","guid":{"rendered":"http:\/\/www.ascorcerizas.com\/central\/060126wp\/wp\/?page_id=180"},"modified":"2008-03-10T17:00:57","modified_gmt":"2008-03-10T16:00:57","slug":"naturalmente-galiza","status":"publish","type":"page","link":"http:\/\/ascorcerizas.com\/central\/060126wp\/wp\/?page_id=180","title":{"rendered":"Naturalmente Galiza 2007"},"content":{"rendered":"<p><img decoding=\"async\" src=\"http:\/\/www.ascorcerizas.com\/central\/060126wp\/wp\/wp-content\/uploads\/2007\/04\/naturalmente-galiza.jpg\" alt=\"Naturalmente Galiza\" id=\"image188\" align=\"right\" \/> Este programa de interese ambiental consiste en sa\u00eddas de fin de semana, que incl\u00faen rutas de sendeirismo de dificultade media, con actividades de interpretaci\u00f3n do noso patrimonio natural, arqueol\u00f3xico e etnogr\u00e1fico. B\u00fascase fomentar o coidado do ambiente, amais de gozar da paisaxe e do contacto coa natureza.<\/p>\n<p><strong>DESTINATARIAS\/OS<\/strong><br \/>\nPrograma dirixido a persoas con idades entre 18 e 30 anos.<\/p>\n<p><strong>N\u00daMERO DE PRAZAS<\/strong><br \/>\n22 persoas por grupo cada fin de semana.<\/p>\n<p><strong>COTA DE INSCRICI\u00d3N<\/strong><br \/>\n12 euros. As\/os posuidoras\/es do carn\u00e9 xove ou carn\u00e9 m\u00e1is ter\u00e1n un desconto do 25%.<\/p>\n<p>Dentro do programa, <strong>Amigos da Terra<\/strong> desenvolver\u00e1 durante os meses de abril e maio a actividade<strong> Cami\u00f1ando ao son das monta\u00f1as galegas.<\/strong><\/p>\n<p><img decoding=\"async\" src=\"http:\/\/www.ascorcerizas.com\/central\/060126wp\/wp\/wp-content\/uploads\/2007\/04\/naturalmente-galiza_02.png\" alt=\"Naturalmente Galiza\" id=\"image184\" \/><\/p>\n<p><img decoding=\"async\" src=\"http:\/\/www.ascorcerizas.com\/central\/060126wp\/wp\/wp-content\/uploads\/2007\/04\/naturalmente-galiza_01.png\" alt=\"Naturalmente Galiza\" id=\"image185\" \/><\/p>\n<p>Para ampliar informaci\u00f3n consulta o programa completo:<br \/>\n<a href=\"http:\/\/www.ascorcerizas.com\/central\/060126wp\/wp\/wp-content\/uploads\/2007\/04\/Naturalmente_galiza.pdf\" target=\"_blank\" title=\"Naturalmente Galiza\"><strong>NATURALMENTE GALIZA<\/strong><\/a> [PDF 1.43 MB]<\/p>\n<p>Apuntate nos Tel\u00e9fonos:<\/p>\n<blockquote><p><strong>981 545702<\/strong><br \/>\n<strong>981 544854<\/strong><br \/>\n<strong>981 544869 <\/strong><\/p><\/blockquote>\n<p><a href=\"http:\/\/vicepresidencia.xunta.es\/index.php?id=27\" target=\"_blank\" title=\"Direcci\u00f3n Xeral de Xuventude e Solidariedade\"><img decoding=\"async\" src=\"http:\/\/ascorcerizas.com\/central\/060126wp\/wp\/wp-content\/themes\/ascorcerizas\/images\/logo_xunta.png\" title=\"Direcci\u00f3n Xeral de Xuventude e Solidariedade\" alt=\"Direcci\u00f3n Xeral de Xuventude e Solidariedade\" align=\"right\" border=\"0\" \/><\/a><\/p>\n","protected":false},"excerpt":{"rendered":"<p>Este programa de interese ambiental consiste en sa\u00eddas de fin de semana, que incl\u00faen rutas de sendeirismo de dificultade media, con actividades de interpretaci\u00f3n do noso patrimonio natural, arqueol\u00f3xico e etnogr\u00e1fico. B\u00fascase fomentar o coidado do ambiente, amais de gozar da paisaxe e do contacto coa natureza. DESTINATARIAS\/OS Programa dirixido a persoas con idades entre [&hellip;]<\/p>\n","protected":false},"author":1,"featured_media":0,"parent":215,"menu_order":0,"comment_status":"open","ping_status":"open","template":"","meta":{"jetpack_post_was_ever_published":false,"footnotes":""},"class_list":["post-180","page","type-page","status-publish","hentry"],"jetpack_sharing_enabled":true,"jetpack_shortlink":"https:\/\/wp.me\/P7kmhj-2U","_links":{"self":[{"href":"http:\/\/ascorcerizas.com\/central\/060126wp\/wp\/index.php?rest_route=\/wp\/v2\/pages\/180","targetHints":{"allow":["GET"]}}],"collection":[{"href":"http:\/\/ascorcerizas.com\/central\/060126wp\/wp\/index.php?rest_route=\/wp\/v2\/pages"}],"about":[{"href":"http:\/\/ascorcerizas.com\/central\/060126wp\/wp\/index.php?rest_route=\/wp\/v2\/types\/page"}],"author":[{"embeddable":true,"href":"http:\/\/ascorcerizas.com\/central\/060126wp\/wp\/index.php?rest_route=\/wp\/v2\/users\/1"}],"replies":[{"embeddable":true,"href":"http:\/\/ascorcerizas.com\/central\/060126wp\/wp\/index.php?rest_route=%2Fwp%2Fv2%2Fcomments&post=180"}],"version-history":[{"count":0,"href":"http:\/\/ascorcerizas.com\/central\/060126wp\/wp\/index.php?rest_route=\/wp\/v2\/pages\/180\/revisions"}],"up":[{"embeddable":true,"href":"http:\/\/ascorcerizas.com\/central\/060126wp\/wp\/index.php?rest_route=\/wp\/v2\/pages\/215"}],"wp:attachment":[{"href":"http:\/\/ascorcerizas.com\/central\/060126wp\/wp\/index.php?rest_route=%2Fwp%2Fv2%2Fmedia&parent=180"}],"curies":[{"name":"wp","href":"https:\/\/api.w.org\/{rel}","templated":true}]}}