{"id":107,"date":"2006-10-16T16:23:35","date_gmt":"2006-10-16T15:23:35","guid":{"rendered":"http:\/\/www.ascorcerizas.com\/central\/060126wp\/wp\/?page_id=107"},"modified":"2007-05-24T20:31:25","modified_gmt":"2007-05-24T19:31:25","slug":"programa-xeral-de-actividades-ofertadas","status":"publish","type":"page","link":"http:\/\/ascorcerizas.com\/central\/060126wp\/wp\/?page_id=107","title":{"rendered":"Programa xeral de actividades ofertadas"},"content":{"rendered":"<p><font color=\"#666666\"><strong><font color=\"#333333\">A SERRA DE                      SAN MAMEDE \u00c1BRESE ANTE TI<\/font><\/strong><\/font><font color=\"#333333\"><br \/>\nDescubre a tranquilidade dos seus arredores e os agrestes                      cumios embelecidos polo paso do tempo.<\/font><\/p>\n<p><font color=\"#006b78\">PLAN DE ACTIVIDADES PARA GRUPOS CONCERTADOS                      E ESCOLARES<\/font>                     <font color=\"#333333\"><br \/>\nPo\u00f1emos \u00e1 vosa disposici\u00f3n unha ampla oferta de actividades coas que, atendendo    \u00e1s vosas preferencias, poderemos confeccionar un programa espec\u00edfico: <\/font><\/p>\n<ul><font color=\"#333333\" \/> <font color=\"#333333\"><\/p>\n<li><font color=\"#006b78\"><strong>Roteiros interpretativos:<\/strong><\/font><br \/>\n<font size=\"1\">\u2022 A Serra de San Mamede, entorno natural e cultural: sentir,      co\u00f1ecer e actuar.<br \/>\n\u2022 Cambio clim\u00e1tico &#8211; enerx\u00edas renov\u00e1beis &#8211; desenvolvemento sostible.<br \/>\n\u2022 Bioconstruci\u00f3n: vivir nunha casa sa.<br \/>\n<\/font><\/li>\n<li><strong><font color=\"#006b78\">Visita interpretativa polas instalaci\u00f3ns de      &#8220;As Corcerizas&#8221;.<\/font><\/strong><br \/>\n<font size=\"1\">Abastecidas por Enerx\u00edas Renov\u00e1beis (placas solares fotovoltaicas      e t\u00e9rmicas, caldeiras de biomasa e el\u00e9ctrica, aeroxenerador, microturbina,      bater\u00edas estacionarias); e feitas con t\u00e9cnicas e materiais de biocosntruci\u00f3n      e arquitectura bioclim\u00e1tica.<br \/>\n<\/font><\/li>\n<li><strong><font color=\"#006b78\">Actividades pr\u00e1cticas no campo.<\/font><\/strong><br \/>\n<font size=\"1\">A Serra de San Mamede resulta un enclave natural excepcional      para co\u00f1ecer a natureza e os recursos do singular Macizo Central Ourens\u00e1n:      plantaci\u00f3ns, rastrexos, estudos de biodiversidade, topograf\u00eda e orientaci\u00f3n,      sa\u00eddas pr\u00e1cticas sobre paisaxe, xeolox\u00eda, edafolox\u00eda, &#8230;<br \/>\n<\/font><\/li>\n<li><strong><font color=\"#006b78\">Visitas e actividades etnogr\u00e1ficas.<\/font><\/strong><br \/>\n<font size=\"1\">A ubicaci\u00f3n do Centro e a s\u00faa proximidade con varios pobos      t\u00edpicos da monta\u00f1a galega e outros elementos patrimoniais singulares, brindaranos      a oportunidade de visitar, acompa\u00f1ados moitas veces polos seus actuais ou      pasados poboadores, mu\u00ed\u00f1os de auga, fornos comunais, pobos abandonados,&#8230;      descubrindo os oficios, apeiros de labranza, arquitectura tradicional, lendas      e tradici\u00f3ns a d\u00eda de hoxe vixentes&#8230;<br \/>\n<\/font><\/li>\n<li><strong><font color=\"#006b78\">Obradoiros.<\/font><\/strong><br \/>\n<font size=\"1\">Unha ampla oferta de obradoiros ser\u00e1 a f\u00f3rmula ideal para aprender      xogando novas habilidades e co\u00f1ecementos. <\/font><\/p>\n<table width=\"400\" cellspacing=\"0\" cellpadding=\"0\" border=\"0\">\n<tr>\n<td><font size=\"1\">            <\/font><\/p>\n<ul><font size=\"1\" \/> <font size=\"1\"><\/p>\n<li><font size=\"1\"><strong>Obradoiros ambientais:<\/strong> enerx\u00edas                renov\u00e1beis, natureza, residuos, compostaxe, pegadas da vida do bosque,                audici\u00f3ns, videforums&#8230;<br \/>\n<\/font><\/li>\n<li><font size=\"1\"><strong>Alimentaci\u00f3n e consumo:<\/strong> comercio                xusto, agricultura ecol\u00f3xica, co\u00f1ecemento dos alimentos e consumo                responsable&#8230;<br \/>\n<\/font><\/li>\n<li><font size=\"1\"><strong>Traballos manuais:<\/strong> xogos e xoguetes                de refugallo, caixas ni\u00f1o, comedeiros para paxaros, bixuter\u00eda natural,                papiroflexia, papel mach\u00e9, barro, abalorios, papel reciclado&#8230;<\/font><\/li>\n<p><\/font><\/ul>\n<p><font size=\"1\"><\/font><font size=\"1\">         <\/font><\/td>\n<\/tr>\n<\/table>\n<\/li>\n<p><\/font><\/p>\n<li><strong><font color=\"#006b78\">Actividades de animaci\u00f3n, lecer e tempo libre:<\/font><\/strong><br \/>\n<font size=\"1\">Xogos, din\u00e1micas de grupo, canci\u00f3ns do mundo, astronom\u00eda, deportes      alternativos, veladas nocturnas, festas tem\u00e1ticas, festa de despedida&#8230;<br \/>\nUn bo complemento dentro da programaci\u00f3n para desenvolver e adquirir, actitudes,      aptitudes e capacidades tales como: sicomotricidade, cooperaci\u00f3n, respecto      mutuo, coordinaci\u00f3n, socializaci\u00f3n, imaxinaci\u00f3n, axilidade f\u00edsica e mental&#8230;<br \/>\n<\/font><\/li>\n<li><strong><font color=\"#006b78\">Campamentos, campos de traballo, intercambios      culturais<\/font><\/strong><br \/>\n<font size=\"1\">O Centro oferta a s\u00faa propia programaci\u00f3n, estando aberto a      colaborar con outras entidades organizadoras. <\/font><\/li>\n<\/ul>\n<p><font color=\"#006b78\">CURSOS, XORNADAS, SEMINARIOS, PROGRAMAS DE FORMACI\u00d3N,    ENCONTROS&#8230;<br \/>\n(Realizaci\u00f3n propia e concertada)<\/font><\/p>\n<p><font color=\"#333333\">Algunhas das tem\u00e1ticas tratadas nas actividades formativas    desenvolvidas no Centro son:<\/font><\/p>\n<table width=\"450\" cellspacing=\"0\" cellpadding=\"0\" border=\"0\" align=\"center\">\n<tr>\n<td valign=\"top\" style=\"width: 50%\"><font size=\"1\" color=\"#333333\">\u2022 Agrogandeir\u00eda        e silvicultura ecol\u00f3xica<br \/>\n\u2022 Tr\u00e1nsx\u00e9nicos<br \/>\n\u2022 Bioconstruci\u00f3n<br \/>\n\u2022 Enerx\u00edas renov\u00e1beis<br \/>\n\u2022 Cambio clim\u00e1tico<br \/>\n\u2022 Compostaxe<\/font><\/td>\n<td valign=\"top\" style=\"width: 50%\"><font size=\"1\" color=\"#333333\">\u2022 Educaci\u00f3n        ambiental<br \/>\n\u2022 Cooperaci\u00f3n ao desenvolvemento<br \/>\n\u2022 Marat\u00f3n fotogr\u00e1fica<br \/>\n\u2022 Residuos<br \/>\n\u2022 Ornitolox\u00eda<br \/>\n\u2022 &#8230;<\/font><\/td>\n<\/tr>\n<\/table>\n<p><font color=\"#333333\"><strong>A nosa experiencia ab\u00e1lanos:<\/strong><br \/>\n<\/font><font size=\"1\">Entre os nosos clientes e colaboradores est\u00e1n distintas    Administraci\u00f3ns P\u00fablicas como: Secretar\u00eda Xeral de Relaci\u00f3ns    coa Uni\u00f3n Europea e Cooperaci\u00f3n Exterior; Conseller\u00eda de    Familia, Xuventude, Deporte e Voluntariado; Conseller\u00eda de Educaci\u00f3n    e Ordenaci\u00f3n Universitaria; Conseller\u00eda de Pol\u00edtica Agroalimentaria    e Desenvolvemento Rural; Concello de Vilar de Barrio; Concello Maceda; Concello    de Ourense; Casa da Xuventude de Ourense; Universidade de Santiago de Compostela;    Universidade de Vigo; Instituto Enerx\u00e9tico de Galicia (Inega).<\/font><\/p>\n<p><font size=\"1\">Tam\u00e9n colaboramos con diferentes Entidades Privadas como Fundaci\u00f3n    Paideia; Coperactiva; Fundaci\u00f3n Galicia verde; Altega; Asociaci\u00f3n para o desenvolvemento    rural sostible &#8220;Grelo Verde &#8211; Biocoop&#8221;; Asociaci\u00f3n de Labregos da Cooperativa    &#8220;Daiqui&#8221;.<\/font><\/p>\n","protected":false},"excerpt":{"rendered":"<p>A SERRA DE SAN MAMEDE \u00c1BRESE ANTE TI Descubre a tranquilidade dos seus arredores e os agrestes cumios embelecidos polo paso do tempo. PLAN DE ACTIVIDADES PARA GRUPOS CONCERTADOS E ESCOLARES Po\u00f1emos \u00e1 vosa disposici\u00f3n unha ampla oferta de actividades coas que, atendendo \u00e1s vosas preferencias, poderemos confeccionar un programa espec\u00edfico: Roteiros interpretativos: \u2022 A [&hellip;]<\/p>\n","protected":false},"author":1,"featured_media":0,"parent":214,"menu_order":0,"comment_status":"open","ping_status":"open","template":"","meta":{"jetpack_post_was_ever_published":false,"footnotes":""},"class_list":["post-107","page","type-page","status-publish","hentry"],"jetpack_sharing_enabled":true,"jetpack_shortlink":"https:\/\/wp.me\/P7kmhj-1J","_links":{"self":[{"href":"http:\/\/ascorcerizas.com\/central\/060126wp\/wp\/index.php?rest_route=\/wp\/v2\/pages\/107","targetHints":{"allow":["GET"]}}],"collection":[{"href":"http:\/\/ascorcerizas.com\/central\/060126wp\/wp\/index.php?rest_route=\/wp\/v2\/pages"}],"about":[{"href":"http:\/\/ascorcerizas.com\/central\/060126wp\/wp\/index.php?rest_route=\/wp\/v2\/types\/page"}],"author":[{"embeddable":true,"href":"http:\/\/ascorcerizas.com\/central\/060126wp\/wp\/index.php?rest_route=\/wp\/v2\/users\/1"}],"replies":[{"embeddable":true,"href":"http:\/\/ascorcerizas.com\/central\/060126wp\/wp\/index.php?rest_route=%2Fwp%2Fv2%2Fcomments&post=107"}],"version-history":[{"count":0,"href":"http:\/\/ascorcerizas.com\/central\/060126wp\/wp\/index.php?rest_route=\/wp\/v2\/pages\/107\/revisions"}],"up":[{"embeddable":true,"href":"http:\/\/ascorcerizas.com\/central\/060126wp\/wp\/index.php?rest_route=\/wp\/v2\/pages\/214"}],"wp:attachment":[{"href":"http:\/\/ascorcerizas.com\/central\/060126wp\/wp\/index.php?rest_route=%2Fwp%2Fv2%2Fmedia&parent=107"}],"curies":[{"name":"wp","href":"https:\/\/api.w.org\/{rel}","templated":true}]}}